{"id":266430,"date":"2025-05-01T11:13:08","date_gmt":"2025-05-01T15:13:08","guid":{"rendered":"https:\/\/physiotherapy.ca\/?page_id=266430"},"modified":"2025-05-21T11:25:06","modified_gmt":"2025-05-21T15:25:06","slug":"mois-national-de-la-physiotherapie-2025","status":"publish","type":"page","link":"https:\/\/physiotherapy.ca\/fr\/mois-national-de-la-physiotherapie-2025\/","title":{"rendered":"Mois national de la physioth\u00e9rapie 2025"},"content":{"rendered":"\n<figure class=\"wp-block-image size-large\"><img loading=\"lazy\" decoding=\"async\" width=\"1024\" height=\"535\" src=\"https:\/\/physiotherapy.ca\/app\/uploads\/2025\/04\/NPM-SOCIAL-LINKEDIN-FR-VERSION-1-2-1024x535.jpg\" alt=\"\" class=\"wp-image-266618\" srcset=\"https:\/\/physiotherapy.ca\/app\/uploads\/2025\/04\/NPM-SOCIAL-LINKEDIN-FR-VERSION-1-2-1024x535.jpg 1024w, https:\/\/physiotherapy.ca\/app\/uploads\/2025\/04\/NPM-SOCIAL-LINKEDIN-FR-VERSION-1-2-300x157.jpg 300w, https:\/\/physiotherapy.ca\/app\/uploads\/2025\/04\/NPM-SOCIAL-LINKEDIN-FR-VERSION-1-2-768x401.jpg 768w, https:\/\/physiotherapy.ca\/app\/uploads\/2025\/04\/NPM-SOCIAL-LINKEDIN-FR-VERSION-1-2-383x200.jpg 383w, https:\/\/physiotherapy.ca\/app\/uploads\/2025\/04\/NPM-SOCIAL-LINKEDIN-FR-VERSION-1-2-600x314.jpg 600w, https:\/\/physiotherapy.ca\/app\/uploads\/2025\/04\/NPM-SOCIAL-LINKEDIN-FR-VERSION-1-2.jpg 1200w\" sizes=\"auto, (max-width: 1024px) 100vw, 1024px\" \/><\/figure>\n\n\n\n<p class=\"has-text-align-center has-medium-font-size\">Le th\u00e8me de cette ann\u00e9e, <strong>La physioth\u00e9rapie fait bouger les communaut\u00e9s<\/strong>, souligne l&#8217;impact profond des professionnels de la physioth\u00e9rapie sur la sant\u00e9 et le bien-\u00eatre des individus et des communaut\u00e9s \u00e0 travers le pays. L&#8217;ACP reconna\u00eet la contribution unique et essentielle des professionnels de la physioth\u00e9rapie \u00e0 la prestation de soins efficients et efficaces \u00e0 tous les Canadiens. &nbsp;&nbsp;<\/p>\n\n\n\n<p class=\"has-text-align-center has-medium-font-size\">Tout au long du mois de mai, l\u2019ACP mettra en \u00e9vidence le Mois national de la physioth\u00e9rapie en partageant les t\u00e9moignages inspirants de professionnels de la physioth\u00e9rapie, ainsi que des r\u00e9alisations remarquables \u00e0 l\u2019occasion de <strong>la<\/strong> <strong>Journ\u00e9e des assistants-physioth\u00e9rapeutes<\/strong> (le 13 mai 2025), <strong>la Journ\u00e9e des technologues en physioth\u00e9rapie \/ T. Phys<\/strong> (le 15 mai 2025) et <strong>la Journ\u00e9e des b\u00e9n\u00e9voles<\/strong> (le 21 mai 2025).<\/p>\n\n\n\n<p class=\"has-text-align-center has-medium-font-size\">N&#8217;oubliez pas de nous <strong><a href=\"https:\/\/linktr.ee\/canadianphysiotherapy\" target=\"_blank\" rel=\"noreferrer noopener\">suivre sur les r\u00e9seaux sociaux<\/a><\/strong>, <strong>d\u2019utiliser le mot-clic #MNP2025<\/strong> dans les conversations en ligne, <strong>et de mentionner l\u2019ACP<\/strong> lorsque vous partagez la trousse d\u2019outils et les ressources!&nbsp;<\/p>\n\n\n\n<p class=\"has-text-align-center has-black-color has-text-color has-medium-font-size\"><em><em>Merci \u00e0 notre partenaire pour MNP 2025<\/em> &#8212; <a href=\"https:\/\/www.cpa.bmsgroup.com\/fr\/accueil.html\" target=\"_blank\" rel=\"noreferrer noopener\">BMS Canada<\/a><\/em><\/p>\n\n\n\n<figure class=\"wp-block-gallery alignwide has-nested-images columns-default is-cropped wp-block-gallery-1 is-layout-flex wp-block-gallery-is-layout-flex\">\n<figure class=\"wp-block-image size-full\"><a href=\"https:\/\/physiotherapy.ca\/app\/uploads\/2025\/04\/NPM-POSTER-FR-FINAL.pdf\"><img loading=\"lazy\" decoding=\"async\" width=\"301\" height=\"151\" data-id=\"266608\" src=\"https:\/\/physiotherapy.ca\/app\/uploads\/2025\/04\/POSTER-FR.png\" alt=\"\" class=\"wp-image-266608\"\/><\/a><\/figure>\n\n\n\n<figure class=\"wp-block-image size-full\"><a href=\"https:\/\/physiotherapy.ca\/app\/uploads\/2025\/04\/NPM2025_Social-Media-Toolkit.zip\"><img loading=\"lazy\" decoding=\"async\" width=\"300\" height=\"151\" data-id=\"266614\" src=\"https:\/\/physiotherapy.ca\/app\/uploads\/2025\/04\/TOOLKIT-FR.png\" alt=\"\" class=\"wp-image-266614\"\/><\/a><\/figure>\n\n\n\n<figure class=\"wp-block-image size-large\"><a href=\"https:\/\/physiotherapy.ca\/fr\/mois-national-de-la-physiotherapie-2025-temoignages-inspirants\/\"><img loading=\"lazy\" decoding=\"async\" width=\"301\" height=\"151\" data-id=\"266612\" src=\"https:\/\/physiotherapy.ca\/app\/uploads\/2025\/04\/SPOTLIGHT-FR.png\" alt=\"\" class=\"wp-image-266612\"\/><\/a><\/figure>\n<\/figure>\n\n\n\n<div class=\"wp-block-media-text alignwide is-stacked-on-mobile\"><figure class=\"wp-block-media-text__media\"><a href=\"https:\/\/physiotherapy.ca\/app\/uploads\/2025\/05\/NPM2025-PTA-toolkit.zip\"><img loading=\"lazy\" decoding=\"async\" width=\"819\" height=\"1024\" src=\"https:\/\/physiotherapy.ca\/app\/uploads\/2025\/05\/NPM-SOCIAL-INSTA-THANK-YOU-PTV-FR-819x1024.jpg\" alt=\"\" class=\"wp-image-268099 size-full\" srcset=\"https:\/\/physiotherapy.ca\/app\/uploads\/2025\/05\/NPM-SOCIAL-INSTA-THANK-YOU-PTV-FR-819x1024.jpg 819w, https:\/\/physiotherapy.ca\/app\/uploads\/2025\/05\/NPM-SOCIAL-INSTA-THANK-YOU-PTV-FR-240x300.jpg 240w, https:\/\/physiotherapy.ca\/app\/uploads\/2025\/05\/NPM-SOCIAL-INSTA-THANK-YOU-PTV-FR-768x960.jpg 768w, https:\/\/physiotherapy.ca\/app\/uploads\/2025\/05\/NPM-SOCIAL-INSTA-THANK-YOU-PTV-FR-160x200.jpg 160w, https:\/\/physiotherapy.ca\/app\/uploads\/2025\/05\/NPM-SOCIAL-INSTA-THANK-YOU-PTV-FR-600x750.jpg 600w, https:\/\/physiotherapy.ca\/app\/uploads\/2025\/05\/NPM-SOCIAL-INSTA-THANK-YOU-PTV-FR.jpg 1081w\" sizes=\"auto, (max-width: 819px) 100vw, 819px\" \/><\/a><\/figure><div class=\"wp-block-media-text__content\">\n<h3 class=\"wp-block-heading alignwide\">Merci aux b\u00e9n\u00e9voles !<\/h3>\n\n\n\n<p>T\u00e9l\u00e9chargez le kit de m\u00e9dias sociaux, puis publiez-les sur vos propres m\u00e9dias sociaux. Identifiez les b\u00e9n\u00e9voles extraordinaires pour les remercier de toutes les fa\u00e7ons dont elles font bouger leurs communaut\u00e9s, <strong>et identifiez l&#8217;ACP pour que nous puissions aussi les c\u00e9l\u00e9brer !<\/strong><\/p>\n\n\n\n<div class=\"wp-block-buttons is-layout-flex wp-block-buttons-is-layout-flex\">\n<div class=\"wp-block-button\"><a class=\"wp-block-button__link wp-element-button\" href=\"https:\/\/physiotherapy.ca\/app\/uploads\/2025\/05\/NPM-SOCIAL-INSTA-THANK-YOU-PTV-FR.jpg\">T\u00e9l\u00e9chargez le kit de m\u00e9dias sociaux<\/a><\/div>\n<\/div>\n<\/div><\/div>\n\n\n\n<div class=\"wp-block-media-text alignwide is-stacked-on-mobile\"><figure class=\"wp-block-media-text__media\"><a href=\"https:\/\/physiotherapy.ca\/app\/uploads\/2025\/05\/NPM2025-PTA-toolkit.zip\"><img loading=\"lazy\" decoding=\"async\" width=\"820\" height=\"1024\" src=\"https:\/\/physiotherapy.ca\/app\/uploads\/2025\/05\/NPM-SOCIAL-INSTA-THANK-YOU-PTA-FR-820x1024.jpg\" alt=\"\" class=\"wp-image-267576 size-full\" srcset=\"https:\/\/physiotherapy.ca\/app\/uploads\/2025\/05\/NPM-SOCIAL-INSTA-THANK-YOU-PTA-FR-820x1024.jpg 820w, https:\/\/physiotherapy.ca\/app\/uploads\/2025\/05\/NPM-SOCIAL-INSTA-THANK-YOU-PTA-FR-240x300.jpg 240w, https:\/\/physiotherapy.ca\/app\/uploads\/2025\/05\/NPM-SOCIAL-INSTA-THANK-YOU-PTA-FR-768x959.jpg 768w, https:\/\/physiotherapy.ca\/app\/uploads\/2025\/05\/NPM-SOCIAL-INSTA-THANK-YOU-PTA-FR-160x200.jpg 160w, https:\/\/physiotherapy.ca\/app\/uploads\/2025\/05\/NPM-SOCIAL-INSTA-THANK-YOU-PTA-FR-600x749.jpg 600w, https:\/\/physiotherapy.ca\/app\/uploads\/2025\/05\/NPM-SOCIAL-INSTA-THANK-YOU-PTA-FR.jpg 1081w\" sizes=\"auto, (max-width: 820px) 100vw, 820px\" \/><\/a><\/figure><div class=\"wp-block-media-text__content\">\n<h3 class=\"wp-block-heading alignwide\">C\u00e9l\u00e9brons les AP!<\/h3>\n\n\n\n<p>T\u00e9l\u00e9chargez le kit de m\u00e9dias sociaux, puis publiez-les sur vos propres m\u00e9dias sociaux. Identifiez les AP extraordinaires pour les remercier de toutes les fa\u00e7ons dont elles font bouger leurs communaut\u00e9s, <strong>et identifiez l&#8217;ACP pour que nous puissions aussi les c\u00e9l\u00e9brer !<\/strong><\/p>\n\n\n\n<div class=\"wp-block-buttons is-layout-flex wp-block-buttons-is-layout-flex\">\n<div class=\"wp-block-button\"><a class=\"wp-block-button__link wp-element-button\" href=\"https:\/\/physiotherapy.ca\/app\/uploads\/2025\/05\/NPM2025-PTA-toolkit.zip\">T\u00e9l\u00e9chargez le kit de m\u00e9dias sociaux<\/a><\/div>\n<\/div>\n<\/div><\/div>\n","protected":false},"excerpt":{"rendered":"<p>Le th\u00e8me de cette ann\u00e9e, La physioth\u00e9rapie fait bouger les communaut\u00e9s, souligne l&#8217;impact profond des professionnels de la physioth\u00e9rapie sur la sant\u00e9 et le bien-\u00eatre des individus et des communaut\u00e9s \u00e0 travers le pays. L&#8217;ACP reconna\u00eet la contribution unique et [&hellip;]<\/p>\n","protected":false},"author":22468,"featured_media":0,"parent":0,"menu_order":0,"comment_status":"closed","ping_status":"closed","template":"page-templates\/page-topic-landing.php","meta":{"inline_featured_image":false,"ep_exclude_from_search":false,"footnotes":""},"topic":[],"class_list":["post-266430","page","type-page","status-publish","hentry"],"acf":[],"yoast_head":"<!-- This site is optimized with the Yoast SEO plugin v24.7 - https:\/\/yoast.com\/wordpress\/plugins\/seo\/ -->\n<title>Mois national de la physioth\u00e9rapie 2025 - Canadian Physiotherapy Association<\/title>\n<meta name=\"robots\" content=\"index, follow, max-snippet:-1, max-image-preview:large, max-video-preview:-1\" \/>\n<link rel=\"canonical\" href=\"https:\/\/physiotherapy.ca\/fr\/mois-national-de-la-physiotherapie-2025\/\" \/>\n<meta property=\"og:locale\" content=\"fr_FR\" \/>\n<meta property=\"og:type\" content=\"article\" \/>\n<meta property=\"og:title\" content=\"Mois national de la physioth\u00e9rapie 2025 - Canadian Physiotherapy Association\" \/>\n<meta property=\"og:description\" content=\"Le th\u00e8me de cette ann\u00e9e, La physioth\u00e9rapie fait bouger les communaut\u00e9s, souligne l&#8217;impact profond des professionnels de la physioth\u00e9rapie sur la sant\u00e9 et le bien-\u00eatre des individus et des communaut\u00e9s \u00e0 travers le pays. L&#8217;ACP reconna\u00eet la contribution unique et [&hellip;]\" \/>\n<meta property=\"og:url\" content=\"https:\/\/physiotherapy.ca\/fr\/mois-national-de-la-physiotherapie-2025\/\" \/>\n<meta property=\"og:site_name\" content=\"Canadian Physiotherapy Association\" \/>\n<meta property=\"article:modified_time\" content=\"2025-05-21T15:25:06+00:00\" \/>\n<meta property=\"og:image\" content=\"https:\/\/physiotherapy.ca\/app\/uploads\/2025\/04\/NPM-SOCIAL-LINKEDIN-FR-VERSION-1-2.jpg\" \/>\n\t<meta property=\"og:image:width\" content=\"1200\" \/>\n\t<meta property=\"og:image:height\" content=\"627\" \/>\n\t<meta property=\"og:image:type\" content=\"image\/jpeg\" \/>\n<meta name=\"twitter:card\" content=\"summary_large_image\" \/>\n<meta name=\"twitter:label1\" content=\"Est. reading time\" \/>\n\t<meta name=\"twitter:data1\" content=\"3 minutes\" \/>\n<script type=\"application\/ld+json\" class=\"yoast-schema-graph\">{\"@context\":\"https:\/\/schema.org\",\"@graph\":[{\"@type\":\"WebPage\",\"@id\":\"https:\/\/physiotherapy.ca\/fr\/mois-national-de-la-physiotherapie-2025\/\",\"url\":\"https:\/\/physiotherapy.ca\/fr\/mois-national-de-la-physiotherapie-2025\/\",\"name\":\"Mois national de la physioth\u00e9rapie 2025 - Canadian Physiotherapy Association\",\"isPartOf\":{\"@id\":\"https:\/\/physiotherapy.ca\/#website\"},\"primaryImageOfPage\":{\"@id\":\"https:\/\/physiotherapy.ca\/fr\/mois-national-de-la-physiotherapie-2025\/#primaryimage\"},\"image\":{\"@id\":\"https:\/\/physiotherapy.ca\/fr\/mois-national-de-la-physiotherapie-2025\/#primaryimage\"},\"thumbnailUrl\":\"https:\/\/physiotherapy.ca\/app\/uploads\/2025\/04\/NPM-SOCIAL-LINKEDIN-FR-VERSION-1-2-1024x535.jpg\",\"datePublished\":\"2025-05-01T15:13:08+00:00\",\"dateModified\":\"2025-05-21T15:25:06+00:00\",\"breadcrumb\":{\"@id\":\"https:\/\/physiotherapy.ca\/fr\/mois-national-de-la-physiotherapie-2025\/#breadcrumb\"},\"inLanguage\":\"fr-FR\",\"potentialAction\":[{\"@type\":\"ReadAction\",\"target\":[\"https:\/\/physiotherapy.ca\/fr\/mois-national-de-la-physiotherapie-2025\/\"]}]},{\"@type\":\"ImageObject\",\"inLanguage\":\"fr-FR\",\"@id\":\"https:\/\/physiotherapy.ca\/fr\/mois-national-de-la-physiotherapie-2025\/#primaryimage\",\"url\":\"https:\/\/physiotherapy.ca\/app\/uploads\/2025\/04\/NPM-SOCIAL-LINKEDIN-FR-VERSION-1-2-1024x535.jpg\",\"contentUrl\":\"https:\/\/physiotherapy.ca\/app\/uploads\/2025\/04\/NPM-SOCIAL-LINKEDIN-FR-VERSION-1-2-1024x535.jpg\"},{\"@type\":\"BreadcrumbList\",\"@id\":\"https:\/\/physiotherapy.ca\/fr\/mois-national-de-la-physiotherapie-2025\/#breadcrumb\",\"itemListElement\":[{\"@type\":\"ListItem\",\"position\":1,\"name\":\"Home\",\"item\":\"https:\/\/physiotherapy.ca\/fr\/\"},{\"@type\":\"ListItem\",\"position\":2,\"name\":\"Mois national de la physioth\u00e9rapie 2025\"}]},{\"@type\":\"WebSite\",\"@id\":\"https:\/\/physiotherapy.ca\/#website\",\"url\":\"https:\/\/physiotherapy.ca\/\",\"name\":\"Canadian Physiotherapy Association\",\"description\":\"The Canadian Physiotherapy Association (CPA) represents over 16,000 physiotherapy professionals and students across Canada.\",\"potentialAction\":[{\"@type\":\"SearchAction\",\"target\":{\"@type\":\"EntryPoint\",\"urlTemplate\":\"https:\/\/physiotherapy.ca\/?s={search_term_string}\"},\"query-input\":{\"@type\":\"PropertyValueSpecification\",\"valueRequired\":true,\"valueName\":\"search_term_string\"}}],\"inLanguage\":\"fr-FR\"}]}<\/script>\n<!-- \/ Yoast SEO plugin. -->","yoast_head_json":{"title":"Mois national de la physioth\u00e9rapie 2025 - Canadian Physiotherapy Association","robots":{"index":"index","follow":"follow","max-snippet":"max-snippet:-1","max-image-preview":"max-image-preview:large","max-video-preview":"max-video-preview:-1"},"canonical":"https:\/\/physiotherapy.ca\/fr\/mois-national-de-la-physiotherapie-2025\/","og_locale":"fr_FR","og_type":"article","og_title":"Mois national de la physioth\u00e9rapie 2025 - Canadian Physiotherapy Association","og_description":"Le th\u00e8me de cette ann\u00e9e, La physioth\u00e9rapie fait bouger les communaut\u00e9s, souligne l&#8217;impact profond des professionnels de la physioth\u00e9rapie sur la sant\u00e9 et le bien-\u00eatre des individus et des communaut\u00e9s \u00e0 travers le pays. L&#8217;ACP reconna\u00eet la contribution unique et [&hellip;]","og_url":"https:\/\/physiotherapy.ca\/fr\/mois-national-de-la-physiotherapie-2025\/","og_site_name":"Canadian Physiotherapy Association","article_modified_time":"2025-05-21T15:25:06+00:00","og_image":[{"width":1200,"height":627,"url":"https:\/\/physiotherapy.ca\/app\/uploads\/2025\/04\/NPM-SOCIAL-LINKEDIN-FR-VERSION-1-2.jpg","type":"image\/jpeg"}],"twitter_card":"summary_large_image","twitter_misc":{"Est. reading time":"3 minutes"},"schema":{"@context":"https:\/\/schema.org","@graph":[{"@type":"WebPage","@id":"https:\/\/physiotherapy.ca\/fr\/mois-national-de-la-physiotherapie-2025\/","url":"https:\/\/physiotherapy.ca\/fr\/mois-national-de-la-physiotherapie-2025\/","name":"Mois national de la physioth\u00e9rapie 2025 - Canadian Physiotherapy Association","isPartOf":{"@id":"https:\/\/physiotherapy.ca\/#website"},"primaryImageOfPage":{"@id":"https:\/\/physiotherapy.ca\/fr\/mois-national-de-la-physiotherapie-2025\/#primaryimage"},"image":{"@id":"https:\/\/physiotherapy.ca\/fr\/mois-national-de-la-physiotherapie-2025\/#primaryimage"},"thumbnailUrl":"https:\/\/physiotherapy.ca\/app\/uploads\/2025\/04\/NPM-SOCIAL-LINKEDIN-FR-VERSION-1-2-1024x535.jpg","datePublished":"2025-05-01T15:13:08+00:00","dateModified":"2025-05-21T15:25:06+00:00","breadcrumb":{"@id":"https:\/\/physiotherapy.ca\/fr\/mois-national-de-la-physiotherapie-2025\/#breadcrumb"},"inLanguage":"fr-FR","potentialAction":[{"@type":"ReadAction","target":["https:\/\/physiotherapy.ca\/fr\/mois-national-de-la-physiotherapie-2025\/"]}]},{"@type":"ImageObject","inLanguage":"fr-FR","@id":"https:\/\/physiotherapy.ca\/fr\/mois-national-de-la-physiotherapie-2025\/#primaryimage","url":"https:\/\/physiotherapy.ca\/app\/uploads\/2025\/04\/NPM-SOCIAL-LINKEDIN-FR-VERSION-1-2-1024x535.jpg","contentUrl":"https:\/\/physiotherapy.ca\/app\/uploads\/2025\/04\/NPM-SOCIAL-LINKEDIN-FR-VERSION-1-2-1024x535.jpg"},{"@type":"BreadcrumbList","@id":"https:\/\/physiotherapy.ca\/fr\/mois-national-de-la-physiotherapie-2025\/#breadcrumb","itemListElement":[{"@type":"ListItem","position":1,"name":"Home","item":"https:\/\/physiotherapy.ca\/fr\/"},{"@type":"ListItem","position":2,"name":"Mois national de la physioth\u00e9rapie 2025"}]},{"@type":"WebSite","@id":"https:\/\/physiotherapy.ca\/#website","url":"https:\/\/physiotherapy.ca\/","name":"Canadian Physiotherapy Association","description":"The Canadian Physiotherapy Association (CPA) represents over 16,000 physiotherapy professionals and students across Canada.","potentialAction":[{"@type":"SearchAction","target":{"@type":"EntryPoint","urlTemplate":"https:\/\/physiotherapy.ca\/?s={search_term_string}"},"query-input":{"@type":"PropertyValueSpecification","valueRequired":true,"valueName":"search_term_string"}}],"inLanguage":"fr-FR"}]}},"_links":{"self":[{"href":"https:\/\/physiotherapy.ca\/fr\/wp-json\/wp\/v2\/pages\/266430","targetHints":{"allow":["GET"]}}],"collection":[{"href":"https:\/\/physiotherapy.ca\/fr\/wp-json\/wp\/v2\/pages"}],"about":[{"href":"https:\/\/physiotherapy.ca\/fr\/wp-json\/wp\/v2\/types\/page"}],"author":[{"embeddable":true,"href":"https:\/\/physiotherapy.ca\/fr\/wp-json\/wp\/v2\/users\/22468"}],"replies":[{"embeddable":true,"href":"https:\/\/physiotherapy.ca\/fr\/wp-json\/wp\/v2\/comments?post=266430"}],"version-history":[{"count":26,"href":"https:\/\/physiotherapy.ca\/fr\/wp-json\/wp\/v2\/pages\/266430\/revisions"}],"predecessor-version":[{"id":268103,"href":"https:\/\/physiotherapy.ca\/fr\/wp-json\/wp\/v2\/pages\/266430\/revisions\/268103"}],"wp:attachment":[{"href":"https:\/\/physiotherapy.ca\/fr\/wp-json\/wp\/v2\/media?parent=266430"}],"wp:term":[{"taxonomy":"topic","embeddable":true,"href":"https:\/\/physiotherapy.ca\/fr\/wp-json\/wp\/v2\/topic?post=266430"}],"curies":[{"name":"wp","href":"https:\/\/api.w.org\/{rel}","templated":true}]}}