{"id":266604,"date":"2025-05-01T11:12:22","date_gmt":"2025-05-01T15:12:22","guid":{"rendered":"https:\/\/physiotherapy.ca\/?page_id=266604"},"modified":"2025-05-28T15:22:11","modified_gmt":"2025-05-28T19:22:11","slug":"mois-national-de-la-physiotherapie-2025-temoignages-inspirants","status":"publish","type":"page","link":"https:\/\/physiotherapy.ca\/fr\/mois-national-de-la-physiotherapie-2025-temoignages-inspirants\/","title":{"rendered":"Mois national de la physioth\u00e9rapie 2025 &#8211; T\u00e9moignages inspirants"},"content":{"rendered":"\n<figure class=\"wp-block-image size-large\"><img loading=\"lazy\" decoding=\"async\" width=\"1024\" height=\"535\" src=\"https:\/\/physiotherapy.ca\/app\/uploads\/2025\/04\/NPM-SOCIAL-LINKEDIN-FR-VERSION-4-1024x535.jpg\" alt=\"\" class=\"wp-image-266616\" srcset=\"https:\/\/physiotherapy.ca\/app\/uploads\/2025\/04\/NPM-SOCIAL-LINKEDIN-FR-VERSION-4-1024x535.jpg 1024w, https:\/\/physiotherapy.ca\/app\/uploads\/2025\/04\/NPM-SOCIAL-LINKEDIN-FR-VERSION-4-300x157.jpg 300w, https:\/\/physiotherapy.ca\/app\/uploads\/2025\/04\/NPM-SOCIAL-LINKEDIN-FR-VERSION-4-768x401.jpg 768w, https:\/\/physiotherapy.ca\/app\/uploads\/2025\/04\/NPM-SOCIAL-LINKEDIN-FR-VERSION-4-383x200.jpg 383w, https:\/\/physiotherapy.ca\/app\/uploads\/2025\/04\/NPM-SOCIAL-LINKEDIN-FR-VERSION-4-600x314.jpg 600w, https:\/\/physiotherapy.ca\/app\/uploads\/2025\/04\/NPM-SOCIAL-LINKEDIN-FR-VERSION-4.jpg 1200w\" sizes=\"auto, (max-width: 1024px) 100vw, 1024px\" \/><\/figure>\n\n\n\n<p class=\"has-text-align-center has-medium-font-size\">Nous avons demand\u00e9 aux membres de l&#8217;ACP \u00e0 travers le Canada de partager l&#8217;impact \u00e0 long terme qu&#8217;ils esp\u00e9raient laisser tout au long de leur carri\u00e8re. <strong>Voici ce que vous aviez \u00e0 dire.<\/strong><\/p>\n\n\n\n<p class=\"has-text-align-center has-medium-font-size\">Tout au long du mois de mai, l&#8217;ACP mettra en lumi\u00e8re la profession par le biais d&#8217;une s\u00e9rie de divers t\u00e9moignages et de ressources professionnelles connexes, et d&#8217;autres seront ajout\u00e9s chaque semaine. <a href=\"https:\/\/linktr.ee\/canadianphysiotherapy\" target=\"_blank\" rel=\"noreferrer noopener\">Suivez l&#8217;ACP sur les m\u00e9dias sociaux<\/a> pour savoir quand de nouveaux t\u00e9moignages seront mis en ligne !<\/p>\n\n\n\n<p class=\"has-text-align-center has-medium-font-size\">N&#8217;oubliez pas <strong>d\u2019utiliser le mot-clic #MNP2025<\/strong> dans les conversations en ligne, <strong>et de mentionner l\u2019ACP<\/strong> lorsque vous partagez la trousse d\u2019outils et les ressources!&nbsp;<\/p>\n\n\n\n<p class=\"has-text-align-center has-black-color has-text-color has-medium-font-size\"><em><em><em>Merci \u00e0 notre partenaire pour MNP 2025<\/em><\/em> &#8212; <a href=\"https:\/\/www.cpa.bmsgroup.com\/fr\/accueil.html\" target=\"_blank\" rel=\"noreferrer noopener\">BMS Canada<\/a><\/em><\/p>\n\n\n\n<div style=\"height:100px\" aria-hidden=\"true\" class=\"wp-block-spacer\"><\/div>\n\n\n\n<div class=\"wp-block-media-text alignwide is-stacked-on-mobile is-vertically-aligned-top\"><figure class=\"wp-block-media-text__media\"><img loading=\"lazy\" decoding=\"async\" width=\"1024\" height=\"1024\" src=\"https:\/\/physiotherapy.ca\/app\/uploads\/2025\/05\/NPM2025-testimonial_Ahmad-Qayyum_FR-1024x1024.jpg\" alt=\"\" class=\"wp-image-268862 size-full\" srcset=\"https:\/\/physiotherapy.ca\/app\/uploads\/2025\/05\/NPM2025-testimonial_Ahmad-Qayyum_FR-1024x1024.jpg 1024w, https:\/\/physiotherapy.ca\/app\/uploads\/2025\/05\/NPM2025-testimonial_Ahmad-Qayyum_FR-300x300.jpg 300w, https:\/\/physiotherapy.ca\/app\/uploads\/2025\/05\/NPM2025-testimonial_Ahmad-Qayyum_FR-150x150.jpg 150w, https:\/\/physiotherapy.ca\/app\/uploads\/2025\/05\/NPM2025-testimonial_Ahmad-Qayyum_FR-768x768.jpg 768w, https:\/\/physiotherapy.ca\/app\/uploads\/2025\/05\/NPM2025-testimonial_Ahmad-Qayyum_FR-200x200.jpg 200w, https:\/\/physiotherapy.ca\/app\/uploads\/2025\/05\/NPM2025-testimonial_Ahmad-Qayyum_FR-100x100.jpg 100w, https:\/\/physiotherapy.ca\/app\/uploads\/2025\/05\/NPM2025-testimonial_Ahmad-Qayyum_FR-600x600.jpg 600w, https:\/\/physiotherapy.ca\/app\/uploads\/2025\/05\/NPM2025-testimonial_Ahmad-Qayyum_FR.jpg 1080w\" sizes=\"auto, (max-width: 1024px) 100vw, 1024px\" \/><\/figure><div class=\"wp-block-media-text__content\">\n<h4 class=\"wp-block-heading\">Ahmad Qayyum, PT, MPH, PROSCI, GCPain<\/h4>\n\n\n\n<p>Je vois les physioth\u00e9rapeutes comme des leaders dans le domaine de la sant\u00e9. En d\u00e9veloppant une culture solide de leadership et de mentorat, nous pourrons nous garantir une place aux tables de d\u00e9cision o\u00f9 se dessinent les politiques et les syst\u00e8mes.<\/p>\n\n\n\n<p>J&#8217;aimerais que les futurs services de r\u00e9adaptation int\u00e8grent pleinement la technologie et les pratiques fond\u00e9es sur des donn\u00e9es probantes afin de combler l\u2019\u00e9cart en mati\u00e8re d&#8217;acc\u00e8s et d&#8217;\u00e9quit\u00e9, en particulier dans les communaut\u00e9s rurales. La t\u00e9l\u00e9r\u00e9adaptation, les outils d\u2019\u00e9valuation assist\u00e9s par l\u2019IA, les applications de sant\u00e9 mobiles et les dispositifs de surveillance \u00e0 distance peuvent nous permettre de fournir des soins personnalis\u00e9s de haute qualit\u00e9, en surmontant les obstacles g\u00e9ographiques. En int\u00e9grant ces technologies \u00e0 des approches culturellement s\u00e9curitaires et communautaires, nous nous assurons que les soins ne sont pas seulement accessibles, mais aussi pertinents et efficaces. L\u2019objectif doit \u00eatre de cr\u00e9er un syst\u00e8me de r\u00e9adaptation plus connect\u00e9, fond\u00e9 sur les donn\u00e9es et inclusif. Ce syst\u00e8me devrait \u00eatre soutenu par l\u2019innovation et la recherche.<\/p>\n\n\n\n<div class=\"wp-block-buttons is-layout-flex wp-block-buttons-is-layout-flex\">\n<div class=\"wp-block-button\"><a class=\"wp-block-button__link wp-element-button\" href=\"https:\/\/physiotherapy.ca\/fr\/representation\/a-propos-de-la-physiotherapie-au-canada\/pratiquer-au-canada\/\"><strong>Working in Canada\u202f: Navigation Resource for Internationally Educated Physiotherapist<\/strong>s (version francais)<\/a><\/div>\n<\/div>\n<\/div><\/div>\n\n\n\n<div class=\"wp-block-media-text alignwide is-stacked-on-mobile is-vertically-aligned-top\"><figure class=\"wp-block-media-text__media\"><img loading=\"lazy\" decoding=\"async\" width=\"1024\" height=\"1024\" src=\"https:\/\/physiotherapy.ca\/app\/uploads\/2025\/05\/NPM2025-testimonial_Anne-Marie-Violette_FR-1024x1024.jpg\" alt=\"\" class=\"wp-image-268589 size-full\" srcset=\"https:\/\/physiotherapy.ca\/app\/uploads\/2025\/05\/NPM2025-testimonial_Anne-Marie-Violette_FR-1024x1024.jpg 1024w, https:\/\/physiotherapy.ca\/app\/uploads\/2025\/05\/NPM2025-testimonial_Anne-Marie-Violette_FR-300x300.jpg 300w, https:\/\/physiotherapy.ca\/app\/uploads\/2025\/05\/NPM2025-testimonial_Anne-Marie-Violette_FR-150x150.jpg 150w, https:\/\/physiotherapy.ca\/app\/uploads\/2025\/05\/NPM2025-testimonial_Anne-Marie-Violette_FR-768x768.jpg 768w, https:\/\/physiotherapy.ca\/app\/uploads\/2025\/05\/NPM2025-testimonial_Anne-Marie-Violette_FR-200x200.jpg 200w, https:\/\/physiotherapy.ca\/app\/uploads\/2025\/05\/NPM2025-testimonial_Anne-Marie-Violette_FR-100x100.jpg 100w, https:\/\/physiotherapy.ca\/app\/uploads\/2025\/05\/NPM2025-testimonial_Anne-Marie-Violette_FR-600x600.jpg 600w, https:\/\/physiotherapy.ca\/app\/uploads\/2025\/05\/NPM2025-testimonial_Anne-Marie-Violette_FR.jpg 1080w\" sizes=\"auto, (max-width: 1024px) 100vw, 1024px\" \/><\/figure><div class=\"wp-block-media-text__content\">\n<h4 class=\"wp-block-heading\">Anne-Marie Violette<\/h4>\n\n\n\n<p>Je m\u2019appelle Anne-Marie, physioth\u00e9rapeute avec expertise en sant\u00e9 pelvienne et en p\u00e9diatrie. J\u2019accompagne mes clients dans leur r\u00e9adaptation physique pour leur permettre de retrouver leur plein potentiel. En parall\u00e8le, je suis une maman combl\u00e9e de deux adorables filles, Charlie et Maxime.<\/p>\n\n\n\n<p>L\u2019impact \u00e0 long terme que j\u2019esp\u00e8re laisser \u00e0 travers ma carri\u00e8re, c\u2019est celui d\u2019une professionnelle qui a su redonner \u00e0 ses patients les moyens de reprendre le contr\u00f4le sur leur sant\u00e9, leur bien-\u00eatre et leur autonomie. En tant que physioth\u00e9rapeute sp\u00e9cialis\u00e9e en sant\u00e9 pelvienne et en p\u00e9diatrie, j\u2019accompagne chaque personne avec une approche bienveillante et personnalis\u00e9e, o\u00f9 l\u2019\u00e9coute et le respect du rythme individuel sont au c\u0153ur de la d\u00e9marche.<\/p>\n\n\n\n<p>Je cherche \u00e0 outiller mes clients pour qu\u2019ils deviennent acteurs de leur propre r\u00e9adaptation, que ce soit par des exercices adapt\u00e9s, des conseils concrets ou simplement par une meilleure compr\u00e9hension de leur corps. Mon objectif n\u2019est pas seulement de soulager un sympt\u00f4me, mais de pr\u00e9venir les r\u00e9cidives, d\u2019optimiser la sant\u00e9 globale et d\u2019encourager une relation positive avec le mouvement.<\/p>\n\n\n\n<p>En me lan\u00e7ant en pratique autonome, j\u2019ai voulu cr\u00e9er un espace de soins humains, ancr\u00e9s dans ma communaut\u00e9, \u00e0 Sainte-Brigitte-de-Laval. Je souhaite aussi inspirer mes filles \u00e0 croire en leur capacit\u00e9 \u00e0 b\u00e2tir un monde plus doux, plus \u00e9quitable et plus sain. Mon engagement communautaire et associatif fait partie int\u00e9grante de cet impact : en travaillant pour am\u00e9liorer l\u2019acc\u00e8s aux soins et faire avancer notre profession, je contribue \u00e0 un syst\u00e8me de sant\u00e9 plus accessible et plus inclusif pour tous.<\/p>\n\n\n\n<div class=\"wp-block-buttons is-layout-flex wp-block-buttons-is-layout-flex\">\n<div class=\"wp-block-button\"><a class=\"wp-block-button__link wp-element-button\" href=\"https:\/\/cpaprivatepractice.ca\/toolbox\/\"><strong>New Graduates and Business Opportunity in the World of Physiotherapy<\/strong>&nbsp;(en anglais seulement)<\/a><\/div>\n<\/div>\n<\/div><\/div>\n\n\n\n<div class=\"wp-block-media-text alignwide is-stacked-on-mobile is-vertically-aligned-top\"><figure class=\"wp-block-media-text__media\"><img loading=\"lazy\" decoding=\"async\" width=\"1024\" height=\"1024\" src=\"https:\/\/physiotherapy.ca\/app\/uploads\/2025\/05\/NPM2025-testimonial_Amy-Irving-FR-1024x1024.jpg\" alt=\"\" class=\"wp-image-268231 size-full\" srcset=\"https:\/\/physiotherapy.ca\/app\/uploads\/2025\/05\/NPM2025-testimonial_Amy-Irving-FR-1024x1024.jpg 1024w, https:\/\/physiotherapy.ca\/app\/uploads\/2025\/05\/NPM2025-testimonial_Amy-Irving-FR-300x300.jpg 300w, https:\/\/physiotherapy.ca\/app\/uploads\/2025\/05\/NPM2025-testimonial_Amy-Irving-FR-150x150.jpg 150w, https:\/\/physiotherapy.ca\/app\/uploads\/2025\/05\/NPM2025-testimonial_Amy-Irving-FR-768x768.jpg 768w, https:\/\/physiotherapy.ca\/app\/uploads\/2025\/05\/NPM2025-testimonial_Amy-Irving-FR-200x200.jpg 200w, https:\/\/physiotherapy.ca\/app\/uploads\/2025\/05\/NPM2025-testimonial_Amy-Irving-FR-100x100.jpg 100w, https:\/\/physiotherapy.ca\/app\/uploads\/2025\/05\/NPM2025-testimonial_Amy-Irving-FR-600x600.jpg 600w, https:\/\/physiotherapy.ca\/app\/uploads\/2025\/05\/NPM2025-testimonial_Amy-Irving-FR.jpg 1080w\" sizes=\"auto, (max-width: 1024px) 100vw, 1024px\" \/><\/figure><div class=\"wp-block-media-text__content\">\n<h4 class=\"wp-block-heading\">Amy Irving, MSc PT<\/h4>\n\n\n\n<p>Quel impact est-ce que je souhaite avoir \u00e0 long terme?<br><strong>Collaborer et contribuer \u00e0 un acc\u00e8s durable \u00e0 des soins de physioth\u00e9rapie pour tous les Canadiens\/habitants de l\u2019\u00cele.<\/strong><\/p>\n\n\n\n<p><br>Voici des exemples de la mani\u00e8re dont je promeus actuellement l\u2019acc\u00e8s aux soins et services :<br>Je promeus actuellement l\u2019accessibilit\u00e9 en offrant des services de physioth\u00e9rapie du plancher pelvien dans le cadre d\u2019un projet pilote de l\u2019Association de physioth\u00e9rapie de l\u2019\u00cele-du-Prince-\u00c9douard pour les r\u00e9sidents non assur\u00e9s ou sous-assur\u00e9s de l\u2019\u00cele-du-Prince-\u00c9douard. Le conseil d\u2019administration de l\u2019Association de physioth\u00e9rapie de l\u2019\u00cele-du-Prince-\u00c9douard a fait des d\u00e9marches pour que tous les r\u00e9sidents aient un acc\u00e8s \u00e9quitable \u00e0 la physioth\u00e9rapie du plancher pelvien dans le cadre de ce projet.<\/p>\n\n\n\n<p><br>Avec le soutien du minist\u00e8re de la Sant\u00e9 et du Bien-\u00eatre de l\u2019\u00ce.-P.-\u00c9., j\u2019offre \u00e9galement le programme GLA:D, un programme d\u2019\u00e9ducation et d\u2019exercice ax\u00e9 sur la prise en charge de l\u2019arthrose de la hanche ou du genou pour les r\u00e9sidents non assur\u00e9s de l\u2019\u00cele-du-Prince-\u00c9douard.<\/p>\n\n\n\n<div class=\"wp-block-buttons is-layout-flex wp-block-buttons-is-layout-flex\">\n<div class=\"wp-block-button\"><a class=\"wp-block-button__link wp-element-button\" href=\"https:\/\/cpaprivatepractice.ca\/how-to-create-amazing-clinic-culture-in-11-easy-steps-2\/\" target=\"_blank\" rel=\"noreferrer noopener\"><strong>How To Create Amazing Clinic Culture In 11 Easy Steps<\/strong>&nbsp;(en anglais seulement)<\/a><\/div>\n<\/div>\n<\/div><\/div>\n\n\n\n<div class=\"wp-block-media-text alignwide is-stacked-on-mobile is-vertically-aligned-top\"><figure class=\"wp-block-media-text__media\"><img loading=\"lazy\" decoding=\"async\" width=\"1024\" height=\"1024\" src=\"https:\/\/physiotherapy.ca\/app\/uploads\/2025\/05\/NPM2025-testimonial_Annie_FR-1024x1024.jpg\" alt=\"\" class=\"wp-image-267692 size-full\" srcset=\"https:\/\/physiotherapy.ca\/app\/uploads\/2025\/05\/NPM2025-testimonial_Annie_FR-1024x1024.jpg 1024w, https:\/\/physiotherapy.ca\/app\/uploads\/2025\/05\/NPM2025-testimonial_Annie_FR-300x300.jpg 300w, https:\/\/physiotherapy.ca\/app\/uploads\/2025\/05\/NPM2025-testimonial_Annie_FR-150x150.jpg 150w, https:\/\/physiotherapy.ca\/app\/uploads\/2025\/05\/NPM2025-testimonial_Annie_FR-768x768.jpg 768w, https:\/\/physiotherapy.ca\/app\/uploads\/2025\/05\/NPM2025-testimonial_Annie_FR-200x200.jpg 200w, https:\/\/physiotherapy.ca\/app\/uploads\/2025\/05\/NPM2025-testimonial_Annie_FR-100x100.jpg 100w, https:\/\/physiotherapy.ca\/app\/uploads\/2025\/05\/NPM2025-testimonial_Annie_FR-600x600.jpg 600w, https:\/\/physiotherapy.ca\/app\/uploads\/2025\/05\/NPM2025-testimonial_Annie_FR.jpg 1080w\" sizes=\"auto, (max-width: 1024px) 100vw, 1024px\" \/><\/figure><div class=\"wp-block-media-text__content\">\n<h4 class=\"wp-block-heading\">Annie B\u00e9langer, Fellow T.Phys.<\/h4>\n\n\n\n<p>En tant que technologue en physioth\u00e9rapie et professionnelle de la physioth\u00e9rapie, je con\u00e7ois notre r\u00f4le comme allant bien au-del\u00e0 du traitement passif ou de la simple application de techniques. Nous sommes des mentors en sant\u00e9 fonctionnelle, des guides qui accompagnent les patients dans le d\u00e9veloppement de leurs habilet\u00e9s d\u2019autogestion. Cela implique de leur transmettre des connaissances claires (le quoi, le pourquoi, le comment), mais aussi de leur offrir des occasions concr\u00e8tes de mettre ces apprentissages en pratique dans leur quotidien. C\u2019est cette combinaison \u2014 savoir, sens et exp\u00e9rience \u2014 qui rend possible une transformation durable.<\/p>\n\n\n\n<p>Mon objectif \u00e0 long terme est de contribuer \u00e0 une physioth\u00e9rapie plus personnalis\u00e9e, fond\u00e9e sur l\u2019identification des facteurs modifiables propres \u00e0 chaque individu. Je souhaite favoriser un d\u00e9pistage rapide et structur\u00e9 de ces facteurs pronostiques chez les patients souffrant de troubles musculosquelettiques, afin d\u2019adapter les plans de soins \u00e0 la complexit\u00e9 clinique et de soutenir une collaboration intra- et interdisciplinaire efficace. Ma ma\u00eetrise en recherche s\u2019inscrit pleinement dans cette vision.<\/p>\n\n\n\n<p>En aidant chaque patient \u00e0 devenir acteur de sa sant\u00e9, nous contribuons \u00e0 b\u00e2tir les fondations d\u2019un syst\u00e8me de sant\u00e9 plus durable, ax\u00e9 sur les capacit\u00e9s, l\u2019autonomie et la responsabilisation des individus.<\/p>\n\n\n\n<div class=\"wp-block-buttons is-layout-flex wp-block-buttons-is-layout-flex\">\n<div class=\"wp-block-button\"><a class=\"wp-block-button__link wp-element-button\" href=\"https:\/\/oppq.qc.ca\/la-physiotherapie\/les-deux-professions\/\"><strong>Resource T. Phys de OPPQ<\/strong>&nbsp;<\/a><\/div>\n<\/div>\n<\/div><\/div>\n\n\n\n<div class=\"wp-block-media-text alignwide is-stacked-on-mobile is-vertically-aligned-top\"><figure class=\"wp-block-media-text__media\"><img loading=\"lazy\" decoding=\"async\" width=\"1024\" height=\"1024\" src=\"https:\/\/physiotherapy.ca\/app\/uploads\/2025\/05\/NPM2025-testimonial_Melissa_FR-1024x1024.jpg\" alt=\"\" class=\"wp-image-267697 size-full\" srcset=\"https:\/\/physiotherapy.ca\/app\/uploads\/2025\/05\/NPM2025-testimonial_Melissa_FR-1024x1024.jpg 1024w, https:\/\/physiotherapy.ca\/app\/uploads\/2025\/05\/NPM2025-testimonial_Melissa_FR-300x300.jpg 300w, https:\/\/physiotherapy.ca\/app\/uploads\/2025\/05\/NPM2025-testimonial_Melissa_FR-150x150.jpg 150w, https:\/\/physiotherapy.ca\/app\/uploads\/2025\/05\/NPM2025-testimonial_Melissa_FR-768x768.jpg 768w, https:\/\/physiotherapy.ca\/app\/uploads\/2025\/05\/NPM2025-testimonial_Melissa_FR-200x200.jpg 200w, https:\/\/physiotherapy.ca\/app\/uploads\/2025\/05\/NPM2025-testimonial_Melissa_FR-100x100.jpg 100w, https:\/\/physiotherapy.ca\/app\/uploads\/2025\/05\/NPM2025-testimonial_Melissa_FR-600x600.jpg 600w, https:\/\/physiotherapy.ca\/app\/uploads\/2025\/05\/NPM2025-testimonial_Melissa_FR.jpg 1080w\" sizes=\"auto, (max-width: 1024px) 100vw, 1024px\" \/><\/figure><div class=\"wp-block-media-text__content\">\n<h4 class=\"wp-block-heading\">Melissa Lemarbre, Technologue en physioth\u00e9rapie<\/h4>\n\n\n\n<p> Je souhaite faire comprendre \u00e0 mes patients que nous ne sommes pas l\u00e0 pour les gu\u00e9rir <strong>mais bien pour les accompagner dans leur processus de gu\u00e9rison.<\/strong> Que je suis l\u00e0 pour leurs donner les outils n\u00e9cessaires. J&#8217;ai d\u00e9m\u00e9nag\u00e9 sur la C\u00f4te-Nord en 2022. <\/p>\n\n\n\n<p>Depuis 2023, j&#8217;ai fait l&#8217;aquisition de la clinique de ma r\u00e9gion. Suite \u00e0 l&#8217;aquisition, la physioth\u00e9rapeute a pris sa retraite. Depuis ce temps, nous n&#8217;avons plus de physioth\u00e9rapeute \u00e0 la clinique. J&#8217;ai pu cr\u00e9er un contact avec les m\u00e9decins de ma r\u00e9gion et ainsi favoriser un travail interdisciplinaire. Ils nous aident beaucoup dans la prise en charge de nos patients. De plus, nous travaillons en collaboration avec des physioth\u00e9rapeutes de Montr\u00e9al et Qu\u00e9bec en visioconf\u00e9rence. Ils nous aident avec la prise en charge des patients qui n&#8217;ont pas de prescription ou pour ceux qui n&#8217;ont pas les pr\u00e9alables requis pour la prise en charge par un technologue en physioth\u00e9rapie. <\/p>\n\n\n\n<p>Nous pouvons donc continuer d&#8217;offrir les traitements de physioth\u00e9rapie aux gens de la MRC de Sept-Rivi\u00e8res. En juin 2025, nous ouvrirons une 2e succursale. Ceci favorisera l&#8217;acc\u00e8s aux gens qui ne peuvent pas se d\u00e9placer dans une autre ville pour recevoir leurs soins. Je me suis aussi jointe au C.A. de l&#8217;AQP comme administratrice dans le but de promouvoir la profession et de faire comprendre les enjeux que nous vivons en r\u00e9gion \u00e9loign\u00e9e.<\/p>\n\n\n\n<div class=\"wp-block-buttons is-layout-flex wp-block-buttons-is-layout-flex\">\n<div class=\"wp-block-button\"><a class=\"wp-block-button__link wp-element-button\" href=\"https:\/\/oppq.qc.ca\/la-physiotherapie\/les-deux-professions\/\"><strong>Resource T. Phys de OPPQ<\/strong>&nbsp;<\/a><\/div>\n<\/div>\n<\/div><\/div>\n\n\n\n<div class=\"wp-block-media-text alignwide is-stacked-on-mobile is-vertically-aligned-top\"><figure class=\"wp-block-media-text__media\"><img loading=\"lazy\" decoding=\"async\" width=\"1024\" height=\"1024\" src=\"https:\/\/physiotherapy.ca\/app\/uploads\/2025\/05\/NPM2025-testimonial_Jennifer-ONeil-FR-1024x1024.jpg\" alt=\"\" class=\"wp-image-267350 size-full\" srcset=\"https:\/\/physiotherapy.ca\/app\/uploads\/2025\/05\/NPM2025-testimonial_Jennifer-ONeil-FR-1024x1024.jpg 1024w, https:\/\/physiotherapy.ca\/app\/uploads\/2025\/05\/NPM2025-testimonial_Jennifer-ONeil-FR-300x300.jpg 300w, https:\/\/physiotherapy.ca\/app\/uploads\/2025\/05\/NPM2025-testimonial_Jennifer-ONeil-FR-150x150.jpg 150w, https:\/\/physiotherapy.ca\/app\/uploads\/2025\/05\/NPM2025-testimonial_Jennifer-ONeil-FR-768x768.jpg 768w, https:\/\/physiotherapy.ca\/app\/uploads\/2025\/05\/NPM2025-testimonial_Jennifer-ONeil-FR-200x200.jpg 200w, https:\/\/physiotherapy.ca\/app\/uploads\/2025\/05\/NPM2025-testimonial_Jennifer-ONeil-FR-100x100.jpg 100w, https:\/\/physiotherapy.ca\/app\/uploads\/2025\/05\/NPM2025-testimonial_Jennifer-ONeil-FR-600x600.jpg 600w, https:\/\/physiotherapy.ca\/app\/uploads\/2025\/05\/NPM2025-testimonial_Jennifer-ONeil-FR.jpg 1080w\" sizes=\"auto, (max-width: 1024px) 100vw, 1024px\" \/><\/figure><div class=\"wp-block-media-text__content\">\n<h4 class=\"wp-block-heading\">Jennifer O&#8217;Neil, PT, PhD<\/h4>\n\n\n\n<p>Mon objectif est d&#8217;am\u00e9liorer l&#8217;acc\u00e8s \u00e0 des soins et services de physioth\u00e9rapie de haute qualit\u00e9. Cela signifie qu&#8217;il faut garantir l&#8217;acc\u00e8s aux services dans la langue pr\u00e9f\u00e9r\u00e9e de chacun, disposer d&#8217;options pour offrir des services adapt\u00e9s aux besoins et aux r\u00e9alit\u00e9s de chaque personne, <strong>reconna\u00eetre l&#8217;importance de la pr\u00e9vention et des services de physioth\u00e9rapie communautaires<\/strong>, et continuer \u00e0 soutenir une approche de partenariat avec la personne et centr\u00e9e sur ses besoins fondamentaux et son contexte unique.<\/p>\n\n\n\n<div class=\"wp-block-buttons is-layout-flex wp-block-buttons-is-layout-flex\">\n<div class=\"wp-block-button\"><a class=\"wp-block-button__link wp-element-button\" href=\"https:\/\/physiotherapy.ca\/fr\/preparer-les-physiotherapeutes-aux-soins-primaires-en-equipe\/\" target=\"_blank\" rel=\"noreferrer noopener\"><strong><strong><strong>Preparing Physiotherapists for Team-Based Primary Care<\/strong><\/strong><\/strong> (version francais)<\/a><\/div>\n<\/div>\n<\/div><\/div>\n\n\n\n<div class=\"wp-block-media-text alignwide is-stacked-on-mobile is-vertically-aligned-top\"><figure class=\"wp-block-media-text__media\"><img loading=\"lazy\" decoding=\"async\" width=\"1024\" height=\"1024\" src=\"https:\/\/physiotherapy.ca\/app\/uploads\/2025\/05\/NPM2025-testimonial_Terry-Wilson-FR-1-1024x1024.jpg\" alt=\"\" class=\"wp-image-267287 size-full\" srcset=\"https:\/\/physiotherapy.ca\/app\/uploads\/2025\/05\/NPM2025-testimonial_Terry-Wilson-FR-1-1024x1024.jpg 1024w, https:\/\/physiotherapy.ca\/app\/uploads\/2025\/05\/NPM2025-testimonial_Terry-Wilson-FR-1-300x300.jpg 300w, https:\/\/physiotherapy.ca\/app\/uploads\/2025\/05\/NPM2025-testimonial_Terry-Wilson-FR-1-150x150.jpg 150w, https:\/\/physiotherapy.ca\/app\/uploads\/2025\/05\/NPM2025-testimonial_Terry-Wilson-FR-1-768x768.jpg 768w, https:\/\/physiotherapy.ca\/app\/uploads\/2025\/05\/NPM2025-testimonial_Terry-Wilson-FR-1-200x200.jpg 200w, https:\/\/physiotherapy.ca\/app\/uploads\/2025\/05\/NPM2025-testimonial_Terry-Wilson-FR-1-100x100.jpg 100w, https:\/\/physiotherapy.ca\/app\/uploads\/2025\/05\/NPM2025-testimonial_Terry-Wilson-FR-1-600x600.jpg 600w, https:\/\/physiotherapy.ca\/app\/uploads\/2025\/05\/NPM2025-testimonial_Terry-Wilson-FR-1.jpg 1080w\" sizes=\"auto, (max-width: 1024px) 100vw, 1024px\" \/><\/figure><div class=\"wp-block-media-text__content\">\n<h4 class=\"wp-block-heading\">Terry Wilson<\/h4>\n\n\n\n<p><strong>J\u2019ai eu l\u2019occasion de travailler \u00e0 l\u2019\u00e9tranger dans des contextes internationaux.<\/strong> Dans le cadre de cette exp\u00e9rience professionnelle, j\u2019ai contribu\u00e9 au d\u00e9veloppement des syst\u00e8mes de r\u00e9adaptation locaux et j\u2019ai collabor\u00e9 avec les physioth\u00e9rapeutes du pays. La Croix-Rouge canadienne a appuy\u00e9 mon mandat en Ukraine en 2024. En Ukraine, la r\u00e9adaptation se concentre principalement sur les soins hospitaliers. L\u2019impact \u00e0 long terme de mon travail l\u00e0-bas \u00e9tait de soutenir la Soci\u00e9t\u00e9 de la Croix-Rouge ukrainienne pour d\u00e9velopper un programme de physioth\u00e9rapie afin <strong>d\u2019offrir un continuum de soins, y compris la r\u00e9adaptation au domicile des patients.<\/strong> Le deuxi\u00e8me objectif \u00e9tait d\u2019assurer la formation et le renforcement des capacit\u00e9s des physioth\u00e9rapeutes ukrainiens embauch\u00e9s par la Croix-Rouge ukrainienne dans le cadre de ce projet. Enfin, l\u2019impact durable \u00e9tait de soutenir le d\u00e9veloppement de la physioth\u00e9rapie en tant que profession en Ukraine.<\/p>\n\n\n\n<div class=\"wp-block-buttons is-layout-flex wp-block-buttons-is-layout-flex\">\n<div class=\"wp-block-button\"><a class=\"wp-block-button__link wp-element-button\" href=\"https:\/\/physiotherapy.ca\/fr\/core-professional-values\/\" target=\"_blank\" rel=\"noreferrer noopener\"><strong><strong>Core Professional Values Self Assessment Tool<\/strong><\/strong> (version francais)<\/a><\/div>\n<\/div>\n<\/div><\/div>\n\n\n\n<div class=\"wp-block-media-text alignwide is-stacked-on-mobile is-vertically-aligned-top\"><figure class=\"wp-block-media-text__media\"><img loading=\"lazy\" decoding=\"async\" width=\"1024\" height=\"1024\" src=\"https:\/\/physiotherapy.ca\/app\/uploads\/2025\/05\/NPM2025_testimonial_Arthur_FR-1024x1024.jpg\" alt=\"\" class=\"wp-image-267146 size-full\" srcset=\"https:\/\/physiotherapy.ca\/app\/uploads\/2025\/05\/NPM2025_testimonial_Arthur_FR-1024x1024.jpg 1024w, https:\/\/physiotherapy.ca\/app\/uploads\/2025\/05\/NPM2025_testimonial_Arthur_FR-300x300.jpg 300w, https:\/\/physiotherapy.ca\/app\/uploads\/2025\/05\/NPM2025_testimonial_Arthur_FR-150x150.jpg 150w, https:\/\/physiotherapy.ca\/app\/uploads\/2025\/05\/NPM2025_testimonial_Arthur_FR-768x768.jpg 768w, https:\/\/physiotherapy.ca\/app\/uploads\/2025\/05\/NPM2025_testimonial_Arthur_FR-200x200.jpg 200w, https:\/\/physiotherapy.ca\/app\/uploads\/2025\/05\/NPM2025_testimonial_Arthur_FR-100x100.jpg 100w, https:\/\/physiotherapy.ca\/app\/uploads\/2025\/05\/NPM2025_testimonial_Arthur_FR-600x600.jpg 600w, https:\/\/physiotherapy.ca\/app\/uploads\/2025\/05\/NPM2025_testimonial_Arthur_FR.jpg 1080w\" sizes=\"auto, (max-width: 1024px) 100vw, 1024px\" \/><\/figure><div class=\"wp-block-media-text__content\">\n<h4 class=\"wp-block-heading\">Arthur Woznowski-Vu, PT, PhD, Cert. PRT, Cert. MDT<\/h4>\n\n\n\n<p>En tant que physioth\u00e9rapeute titulaire d\u2019un doctorat et poss\u00e9dant une formation approfondie en douleur chronique, mon objectif est de devenir un expert et un chef de file dans le traitement non pharmacologique de la douleur chronique et la r\u00e9adaptation des handicaps li\u00e9s \u00e0 la douleur, en m\u2019appuyant sur des donn\u00e9es probantes. Par l&#8217;interm\u00e9diaire de la pratique priv\u00e9e que j\u2019ai ouverte \u00e0 Montr\u00e9al, \u00ab La clinique de r\u00e9adaptation pour douleur chronique | The Chronic Pain Rehab Clinic \u00bb, je m\u2019efforce de servir de mod\u00e8le d\u2019excellence dans ce domaine. Je suis \u00e9galement d\u00e9termin\u00e9 \u00e0 soutenir mes coll\u00e8gues physioth\u00e9rapeutes dans le perfectionnement de leurs comp\u00e9tences en gestion de la douleur chronique, comme je suis convaincu qu\u2019une expertise accrue dans ce domaine profitera non seulement aux physioth\u00e9rapeutes et \u00e0 leurs patients, mais contribuera aussi \u00e0 renforcer la profession dans son ensemble.<br><\/p>\n\n\n\n<p><strong>La douleur chronique est la principale cause de handicap<\/strong>, d\u2019o\u00f9 l\u2019importance pour les physioth\u00e9rapeutes d\u2019exceller dans ce domaine, \u00e9tant donn\u00e9 leur r\u00f4le de professionnels de la r\u00e9adaptation. <strong>De plus, dans un syst\u00e8me de sant\u00e9 souvent marqu\u00e9 par une d\u00e9pendance excessive aux m\u00e9dicaments et aux proc\u00e9dures invasives pour soulager la douleur, le traitement non pharmacologique de la douleur repr\u00e9sente une solution essentielle, et les physioth\u00e9rapeutes devraient \u00eatre les premiers \u00e0 envisager dans ce cadre.<\/strong><\/p>\n\n\n\n<p><br>En tant que clinicien, \u00e9ducateur, chercheur, chef de file et d\u00e9fenseur, j\u2019ai travaill\u00e9 \u00e0 d\u00e9montrer la valeur des physioth\u00e9rapeutes dans le traitement de la douleur chronique et \u00e0 renforcer la confiance des intervenants, y compris les professionnels de la sant\u00e9, les d\u00e9cideurs politiques et les patients, dans le fait que les physioth\u00e9rapeutes devraient jouer un r\u00f4le de premier plan dans ce domaine. <strong>Telle est la contribution durable que je m\u2019efforce d\u2019apporter tout au long de ma carri\u00e8re.<\/strong><\/p>\n\n\n\n<div class=\"wp-block-buttons is-layout-flex wp-block-buttons-is-layout-flex\">\n<div class=\"wp-block-button\"><a class=\"wp-block-button__link wp-element-button\" href=\"https:\/\/canadianphysiotherapy.sharepoint.com\/:b:\/s\/ProfessionalPractice\/EdtLGRMBoztErNkLKHh6KDsBWYkCl85pBddU9onFS8v6-A?e=uZSccS\" target=\"_blank\" rel=\"noreferrer noopener\"><strong>Clinic Policy and Procedure How to Guide<\/strong> (version francais)<\/a><\/div>\n<\/div>\n<\/div><\/div>\n","protected":false},"excerpt":{"rendered":"<p>Nous avons demand\u00e9 aux membres de l&#8217;ACP \u00e0 travers le Canada de partager l&#8217;impact \u00e0 long terme qu&#8217;ils esp\u00e9raient laisser tout au long de leur carri\u00e8re. Voici ce que vous aviez \u00e0 dire. Tout au long du mois de mai, [&hellip;]<\/p>\n","protected":false},"author":22468,"featured_media":0,"parent":0,"menu_order":0,"comment_status":"closed","ping_status":"closed","template":"page-templates\/page-topic-landing.php","meta":{"inline_featured_image":false,"ep_exclude_from_search":false,"footnotes":""},"topic":[],"class_list":["post-266604","page","type-page","status-publish","hentry"],"acf":[],"yoast_head":"<!-- This site is optimized with the Yoast SEO plugin v24.7 - https:\/\/yoast.com\/wordpress\/plugins\/seo\/ -->\n<title>Mois national de la physioth\u00e9rapie 2025 - T\u00e9moignages inspirants - Canadian Physiotherapy Association<\/title>\n<meta name=\"robots\" content=\"index, follow, max-snippet:-1, max-image-preview:large, max-video-preview:-1\" \/>\n<link rel=\"canonical\" href=\"https:\/\/physiotherapy.ca\/fr\/mois-national-de-la-physiotherapie-2025-temoignages-inspirants\/\" \/>\n<meta property=\"og:locale\" content=\"fr_FR\" \/>\n<meta property=\"og:type\" content=\"article\" \/>\n<meta property=\"og:title\" content=\"Mois national de la physioth\u00e9rapie 2025 - T\u00e9moignages inspirants - Canadian Physiotherapy Association\" \/>\n<meta property=\"og:description\" content=\"Nous avons demand\u00e9 aux membres de l&#8217;ACP \u00e0 travers le Canada de partager l&#8217;impact \u00e0 long terme qu&#8217;ils esp\u00e9raient laisser tout au long de leur carri\u00e8re. Voici ce que vous aviez \u00e0 dire. Tout au long du mois de mai, [&hellip;]\" \/>\n<meta property=\"og:url\" content=\"https:\/\/physiotherapy.ca\/fr\/mois-national-de-la-physiotherapie-2025-temoignages-inspirants\/\" \/>\n<meta property=\"og:site_name\" content=\"Canadian Physiotherapy Association\" \/>\n<meta property=\"article:modified_time\" content=\"2025-05-28T19:22:11+00:00\" \/>\n<meta property=\"og:image\" content=\"https:\/\/physiotherapy.ca\/app\/uploads\/2025\/04\/NPM-SOCIAL-LINKEDIN-FR-VERSION-4.jpg\" \/>\n\t<meta property=\"og:image:width\" content=\"1200\" \/>\n\t<meta property=\"og:image:height\" content=\"627\" \/>\n\t<meta property=\"og:image:type\" content=\"image\/jpeg\" \/>\n<meta name=\"twitter:card\" content=\"summary_large_image\" \/>\n<meta name=\"twitter:label1\" content=\"Est. reading time\" \/>\n\t<meta name=\"twitter:data1\" content=\"10 minutes\" \/>\n<script type=\"application\/ld+json\" class=\"yoast-schema-graph\">{\"@context\":\"https:\/\/schema.org\",\"@graph\":[{\"@type\":\"WebPage\",\"@id\":\"https:\/\/physiotherapy.ca\/fr\/mois-national-de-la-physiotherapie-2025-temoignages-inspirants\/\",\"url\":\"https:\/\/physiotherapy.ca\/fr\/mois-national-de-la-physiotherapie-2025-temoignages-inspirants\/\",\"name\":\"Mois national de la physioth\u00e9rapie 2025 - T\u00e9moignages inspirants - Canadian Physiotherapy Association\",\"isPartOf\":{\"@id\":\"https:\/\/physiotherapy.ca\/#website\"},\"primaryImageOfPage\":{\"@id\":\"https:\/\/physiotherapy.ca\/fr\/mois-national-de-la-physiotherapie-2025-temoignages-inspirants\/#primaryimage\"},\"image\":{\"@id\":\"https:\/\/physiotherapy.ca\/fr\/mois-national-de-la-physiotherapie-2025-temoignages-inspirants\/#primaryimage\"},\"thumbnailUrl\":\"https:\/\/physiotherapy.ca\/app\/uploads\/2025\/04\/NPM-SOCIAL-LINKEDIN-FR-VERSION-4-1024x535.jpg\",\"datePublished\":\"2025-05-01T15:12:22+00:00\",\"dateModified\":\"2025-05-28T19:22:11+00:00\",\"breadcrumb\":{\"@id\":\"https:\/\/physiotherapy.ca\/fr\/mois-national-de-la-physiotherapie-2025-temoignages-inspirants\/#breadcrumb\"},\"inLanguage\":\"fr-FR\",\"potentialAction\":[{\"@type\":\"ReadAction\",\"target\":[\"https:\/\/physiotherapy.ca\/fr\/mois-national-de-la-physiotherapie-2025-temoignages-inspirants\/\"]}]},{\"@type\":\"ImageObject\",\"inLanguage\":\"fr-FR\",\"@id\":\"https:\/\/physiotherapy.ca\/fr\/mois-national-de-la-physiotherapie-2025-temoignages-inspirants\/#primaryimage\",\"url\":\"https:\/\/physiotherapy.ca\/app\/uploads\/2025\/04\/NPM-SOCIAL-LINKEDIN-FR-VERSION-4-1024x535.jpg\",\"contentUrl\":\"https:\/\/physiotherapy.ca\/app\/uploads\/2025\/04\/NPM-SOCIAL-LINKEDIN-FR-VERSION-4-1024x535.jpg\"},{\"@type\":\"BreadcrumbList\",\"@id\":\"https:\/\/physiotherapy.ca\/fr\/mois-national-de-la-physiotherapie-2025-temoignages-inspirants\/#breadcrumb\",\"itemListElement\":[{\"@type\":\"ListItem\",\"position\":1,\"name\":\"Home\",\"item\":\"https:\/\/physiotherapy.ca\/fr\/\"},{\"@type\":\"ListItem\",\"position\":2,\"name\":\"Mois national de la physioth\u00e9rapie 2025 &#8211; T\u00e9moignages inspirants\"}]},{\"@type\":\"WebSite\",\"@id\":\"https:\/\/physiotherapy.ca\/#website\",\"url\":\"https:\/\/physiotherapy.ca\/\",\"name\":\"Canadian Physiotherapy Association\",\"description\":\"The Canadian Physiotherapy Association (CPA) represents over 16,000 physiotherapy professionals and students across Canada.\",\"potentialAction\":[{\"@type\":\"SearchAction\",\"target\":{\"@type\":\"EntryPoint\",\"urlTemplate\":\"https:\/\/physiotherapy.ca\/?s={search_term_string}\"},\"query-input\":{\"@type\":\"PropertyValueSpecification\",\"valueRequired\":true,\"valueName\":\"search_term_string\"}}],\"inLanguage\":\"fr-FR\"}]}<\/script>\n<!-- \/ Yoast SEO plugin. -->","yoast_head_json":{"title":"Mois national de la physioth\u00e9rapie 2025 - T\u00e9moignages inspirants - Canadian Physiotherapy Association","robots":{"index":"index","follow":"follow","max-snippet":"max-snippet:-1","max-image-preview":"max-image-preview:large","max-video-preview":"max-video-preview:-1"},"canonical":"https:\/\/physiotherapy.ca\/fr\/mois-national-de-la-physiotherapie-2025-temoignages-inspirants\/","og_locale":"fr_FR","og_type":"article","og_title":"Mois national de la physioth\u00e9rapie 2025 - T\u00e9moignages inspirants - Canadian Physiotherapy Association","og_description":"Nous avons demand\u00e9 aux membres de l&#8217;ACP \u00e0 travers le Canada de partager l&#8217;impact \u00e0 long terme qu&#8217;ils esp\u00e9raient laisser tout au long de leur carri\u00e8re. Voici ce que vous aviez \u00e0 dire. Tout au long du mois de mai, [&hellip;]","og_url":"https:\/\/physiotherapy.ca\/fr\/mois-national-de-la-physiotherapie-2025-temoignages-inspirants\/","og_site_name":"Canadian Physiotherapy Association","article_modified_time":"2025-05-28T19:22:11+00:00","og_image":[{"width":1200,"height":627,"url":"https:\/\/physiotherapy.ca\/app\/uploads\/2025\/04\/NPM-SOCIAL-LINKEDIN-FR-VERSION-4.jpg","type":"image\/jpeg"}],"twitter_card":"summary_large_image","twitter_misc":{"Est. reading time":"10 minutes"},"schema":{"@context":"https:\/\/schema.org","@graph":[{"@type":"WebPage","@id":"https:\/\/physiotherapy.ca\/fr\/mois-national-de-la-physiotherapie-2025-temoignages-inspirants\/","url":"https:\/\/physiotherapy.ca\/fr\/mois-national-de-la-physiotherapie-2025-temoignages-inspirants\/","name":"Mois national de la physioth\u00e9rapie 2025 - T\u00e9moignages inspirants - Canadian Physiotherapy Association","isPartOf":{"@id":"https:\/\/physiotherapy.ca\/#website"},"primaryImageOfPage":{"@id":"https:\/\/physiotherapy.ca\/fr\/mois-national-de-la-physiotherapie-2025-temoignages-inspirants\/#primaryimage"},"image":{"@id":"https:\/\/physiotherapy.ca\/fr\/mois-national-de-la-physiotherapie-2025-temoignages-inspirants\/#primaryimage"},"thumbnailUrl":"https:\/\/physiotherapy.ca\/app\/uploads\/2025\/04\/NPM-SOCIAL-LINKEDIN-FR-VERSION-4-1024x535.jpg","datePublished":"2025-05-01T15:12:22+00:00","dateModified":"2025-05-28T19:22:11+00:00","breadcrumb":{"@id":"https:\/\/physiotherapy.ca\/fr\/mois-national-de-la-physiotherapie-2025-temoignages-inspirants\/#breadcrumb"},"inLanguage":"fr-FR","potentialAction":[{"@type":"ReadAction","target":["https:\/\/physiotherapy.ca\/fr\/mois-national-de-la-physiotherapie-2025-temoignages-inspirants\/"]}]},{"@type":"ImageObject","inLanguage":"fr-FR","@id":"https:\/\/physiotherapy.ca\/fr\/mois-national-de-la-physiotherapie-2025-temoignages-inspirants\/#primaryimage","url":"https:\/\/physiotherapy.ca\/app\/uploads\/2025\/04\/NPM-SOCIAL-LINKEDIN-FR-VERSION-4-1024x535.jpg","contentUrl":"https:\/\/physiotherapy.ca\/app\/uploads\/2025\/04\/NPM-SOCIAL-LINKEDIN-FR-VERSION-4-1024x535.jpg"},{"@type":"BreadcrumbList","@id":"https:\/\/physiotherapy.ca\/fr\/mois-national-de-la-physiotherapie-2025-temoignages-inspirants\/#breadcrumb","itemListElement":[{"@type":"ListItem","position":1,"name":"Home","item":"https:\/\/physiotherapy.ca\/fr\/"},{"@type":"ListItem","position":2,"name":"Mois national de la physioth\u00e9rapie 2025 &#8211; T\u00e9moignages inspirants"}]},{"@type":"WebSite","@id":"https:\/\/physiotherapy.ca\/#website","url":"https:\/\/physiotherapy.ca\/","name":"Canadian Physiotherapy Association","description":"The Canadian Physiotherapy Association (CPA) represents over 16,000 physiotherapy professionals and students across Canada.","potentialAction":[{"@type":"SearchAction","target":{"@type":"EntryPoint","urlTemplate":"https:\/\/physiotherapy.ca\/?s={search_term_string}"},"query-input":{"@type":"PropertyValueSpecification","valueRequired":true,"valueName":"search_term_string"}}],"inLanguage":"fr-FR"}]}},"_links":{"self":[{"href":"https:\/\/physiotherapy.ca\/fr\/wp-json\/wp\/v2\/pages\/266604","targetHints":{"allow":["GET"]}}],"collection":[{"href":"https:\/\/physiotherapy.ca\/fr\/wp-json\/wp\/v2\/pages"}],"about":[{"href":"https:\/\/physiotherapy.ca\/fr\/wp-json\/wp\/v2\/types\/page"}],"author":[{"embeddable":true,"href":"https:\/\/physiotherapy.ca\/fr\/wp-json\/wp\/v2\/users\/22468"}],"replies":[{"embeddable":true,"href":"https:\/\/physiotherapy.ca\/fr\/wp-json\/wp\/v2\/comments?post=266604"}],"version-history":[{"count":11,"href":"https:\/\/physiotherapy.ca\/fr\/wp-json\/wp\/v2\/pages\/266604\/revisions"}],"predecessor-version":[{"id":268867,"href":"https:\/\/physiotherapy.ca\/fr\/wp-json\/wp\/v2\/pages\/266604\/revisions\/268867"}],"wp:attachment":[{"href":"https:\/\/physiotherapy.ca\/fr\/wp-json\/wp\/v2\/media?parent=266604"}],"wp:term":[{"taxonomy":"topic","embeddable":true,"href":"https:\/\/physiotherapy.ca\/fr\/wp-json\/wp\/v2\/topic?post=266604"}],"curies":[{"name":"wp","href":"https:\/\/api.w.org\/{rel}","templated":true}]}}