{"id":272601,"date":"2025-07-09T11:31:07","date_gmt":"2025-07-09T15:31:07","guid":{"rendered":"https:\/\/physiotherapy.ca\/?page_id=272601"},"modified":"2025-10-08T13:45:02","modified_gmt":"2025-10-08T17:45:02","slug":"congres-annuel-2026-appel-de-presentations","status":"publish","type":"page","link":"https:\/\/physiotherapy.ca\/fr\/congres-annuel-2026-appel-de-presentations\/","title":{"rendered":"Congr\u00e8s annuel 2026 &#8211; Appel de pr\u00e9sentations"},"content":{"rendered":"\n<p><strong><strong>L\u2019Association canadienne de physioth\u00e9rapie a le plaisir d\u2019inviter les auteurs \u00e0 soumettre des r\u00e9sum\u00e9s qui seront pr\u00e9sent\u00e9s lors du Congr\u00e8s annuel 2026 de l\u2019Association canadienne de physioth\u00e9rapie \u00e0 Halifax, en Nouvelle-\u00c9cosse, du 28 au 30 mai 2026.<\/strong><\/strong><\/p>\n\n\n\n<h3 class=\"wp-block-heading\"><strong><strong>Qu\u2019est-ce que le Congr\u00e8s?&nbsp;<\/strong>&nbsp;<\/strong><\/h3>\n\n\n\n<p>Le Congr\u00e8s est l\u2019\u00e9v\u00e9nement phare de l\u2019ACP qui offre des opportunit\u00e9s de premier plan en mati\u00e8re de recherche, d\u2019\u00e9ducation, de leadership, d\u2019affaires et de r\u00e9seautage. Il attire des physioth\u00e9rapeutes, des dirigeants, des chercheurs, des propri\u00e9taires de cliniques, des fournisseurs et des \u00e9tudiants.&nbsp;<\/p>\n\n\n\n<h3 class=\"wp-block-heading\"><strong><strong><strong><strong>Ce que nous recherchons dans une proposition<\/strong>&nbsp;<\/strong><\/strong><\/strong><\/h3>\n\n\n\n<p>Nous acceptons les r\u00e9sum\u00e9s et les propositions portant sur divers sujets qui\u202f:&nbsp;<\/p>\n\n\n\n<ol class=\"wp-block-list\">\n<li>sont <strong>fond\u00e9s sur des donn\u00e9es probantes<\/strong> et s&#8217;appuient sur des recherches ou des pratiques actuelles ou \u00e9mergentes.&nbsp;<\/li>\n\n\n\n<li>ont un lien direct avec la <strong>pratique de la physioth\u00e9rapie<\/strong>, incluant (sans s\u2019y limiter) l\u2019enseignement, le transfert et la mise en \u0153uvre des connaissances, le leadership, l\u2019am\u00e9lioration de la qualit\u00e9, les politiques ou la recherche.&nbsp;<\/li>\n\n\n\n<li>mettent en valeur l\u2019application de <strong>pratiques exemplaires<\/strong> et d\u2019approches novatrices ayant un impact significatif au sein de la profession.&nbsp;<\/li>\n\n\n\n<li>priorisent l\u2019<strong>engagement et l\u2019application pratique <\/strong>\u2013 nos participants accordent de la valeur \u00e0 l\u2019apprentissage entre pairs, aux \u00e9tapes concr\u00e8tes, au contenu pratique et aux enseignements concrets favorisant le d\u00e9veloppement professionnel, la croissance des affaires et le renforcement des relations.&nbsp;<\/li>\n<\/ol>\n\n\n\n<h3 class=\"wp-block-heading\"><strong><strong>Domaines th\u00e9matiques ou pratiques<\/strong>&nbsp;<\/strong><\/h3>\n\n\n\n<p>Les soumissions doivent s\u2019appliquer \u00e0 un ou plusieurs des <strong>domaines th\u00e9matiques ou pratiques<\/strong> suivants\u202f:&nbsp;<\/p>\n\n\n\n<figure class=\"wp-block-table alignfull\" style=\"font-size:14px\"><table class=\"has-fixed-layout\"><tbody><tr><td>Acupuncture et aiguilles s\u00e8ches<\/td><td>Cardiorespiratoire<\/td><td>Oncologie<\/td><td>Pratique priv\u00e9e<\/td><td>Sant\u00e9 pelvienne et sant\u00e9 de la reproduction<\/td><\/tr><tr><td>R\u00e9adaptation animale<\/td><td>Sant\u00e9 globale; Sant\u00e9 environnementale<\/td><td>Orthop\u00e9die<\/td><td>Enjeux professionnels\u202f: s\u00e9curit\u00e9 culturelle dans la pratique; diversit\u00e9, \u00e9quit\u00e9 et inclusion&nbsp;<\/td><td>Autre \u2013 Transfert des connaissances et th\u00e8mes transversaux en r\u00e9adaptation<\/td><\/tr><tr><td>Hippoth\u00e9rapie<\/td><td>Leadership<\/td><td>P\u00e9diatrie<\/td><td>Sant\u00e9 des a\u00een\u00e9s<\/td><td><\/td><\/tr><tr><td>R\u00e9adaptation aquatique<\/td><td>Neurosciences<\/td><td>Science de la douleur<\/td><td>Sport<\/td><td><\/td><\/tr><\/tbody><\/table><\/figure>\n\n\n\n<h3 class=\"wp-block-heading\"><strong><strong>Dates importantes \u2013 veuillez consulter r\u00e9guli\u00e8rement cette page pour conna\u00eetre les mises \u00e0 jour du calendrier ci-dessous.<\/strong>&nbsp;<\/strong><\/h3>\n\n\n\n<figure class=\"wp-block-table is-style-regular\"><table><tbody><tr><td>Ouverture du portail de soumission en ligne de l\u2019appel \u00e0 r\u00e9sum\u00e9s&nbsp;<\/td><td>Le 2 juillet 2025<\/td><\/tr><tr><td>Date limite de d\u00e9p\u00f4t des propositions de r\u00e9sum\u00e9s compl\u00e9t\u00e9s\/Fermeture du portail (23 h 59 HNP)<\/td><td>Le 9 octobre 2025<\/td><\/tr><tr><td>Processus d\u2019examen des propositions de r\u00e9sum\u00e9<\/td><td>Du 15\u202foctobre au 21 novembre 2025<\/td><\/tr><tr><td>Avis de d\u00e9cision<\/td><td>Du 21\u202fnovembre au 12 d\u00e9cembre 2025<\/td><\/tr><tr><td>Date limite d\u2019acceptation et d\u2019accord des conf\u00e9renciers<\/td><td>Le 19\u202fd\u00e9cembre 2025<\/td><\/tr><tr><td>Date limite pour les biographies et les photos des conf\u00e9renciers<\/td><td>Janvier\u202f2026<\/td><\/tr><tr><td>Remise des pr\u00e9sentations PowerPoint<\/td><td>D\u00e9but mars 2026<\/td><\/tr><tr><td>Date limite d\u2019inscription des conf\u00e9renciers<\/td><td>Le 9 janvier 2026<\/td><\/tr><tr><td>Date limite de r\u00e9servation de l\u2019h\u00e9bergement<\/td><td>Mars 2026<\/td><\/tr><\/tbody><\/table><\/figure>\n\n\n\n<div style=\"height:100px\" aria-hidden=\"true\" class=\"wp-block-spacer\"><\/div>\n\n\n\n<h3 class=\"wp-block-heading\"><strong>Types de soumission\u202f<\/strong>&nbsp;<\/h3>\n\n\n\n<h4 class=\"wp-block-heading\"><strong><strong>Ma soumission est -elle un r\u00e9sum\u00e9 de recherche ou un symposium?<\/strong>&nbsp;<\/strong><\/h4>\n\n\n\n<p><strong>Les r\u00e9sum\u00e9s de recherche<\/strong> mettent l\u2019accent sur la pr\u00e9sentation de r\u00e9sultats pr\u00e9cis issus d\u2019\u00e9tudes originales, de synth\u00e8ses de recherche ou d\u2019\u00e9tudes de cas, en mettant en valeur des observations et des conclusions fond\u00e9es sur des donn\u00e9es probantes.&nbsp;&nbsp;<\/p>\n\n\n\n<p><strong>Les propositions de symposium<\/strong> portent sur des sujets plus larges ou pr\u00e9sentant un int\u00e9r\u00eat clinique ou pratique, tels que les pratiques exemplaires, les initiatives novatrices ou le d\u00e9veloppement professionnel. Elles peuvent compter plusieurs conf\u00e9renciers et pr\u00e9voir des activit\u00e9s interactives afin d\u2019encourager la participation. La dur\u00e9e et le format des symposiums sont variables, offrant une plus grande souplesse.&nbsp;<\/p>\n\n\n<div id=\"accordion-block_3e7d4fbb0908a32b2162e7e7880b2e1f\" class=\"accordion\">\n\n    \n        <div class=\"accordion-content\">\n            <button class=\"dropdown__toggle\" aria-controls=\"content-block_3e7d4fbb0908a32b2162e7e7880b2e1f-1\" aria-expanded=\"false\" id=\"accordion-control-1\">\n                <span class=\"counter\">1)<\/span>\n                R\u00e9sum\u00e9s de recherche                <i class=\"fas fa-plus\" aria-hidden=\"true\"><\/i>\n                <i class=\"fas fa-minus\" aria-hidden=\"true\"><\/i>\n            <\/button>\n            <div class=\"dropdown__content\" aria-hidden=\"true\" id=\"content-block_3e7d4fbb0908a32b2162e7e7880b2e1f-1\" >\n                <p><span lang=\"FR-CA\" xml:lang=\"FR-CA\" data-contrast=\"auto\">Nous encourageons les recherches originales et \u00e9mergentes, notamment\u202f:<\/span><\/p>\n<ul>\n<li><span lang=\"FR-CA\" xml:lang=\"FR-CA\" data-contrast=\"auto\">cliniques, quantitatives, qualitatives, \u00e0 m\u00e9thodes mixtes,\u00a0<\/span><\/li>\n<li><span lang=\"FR-CA\" xml:lang=\"FR-CA\" data-contrast=\"auto\">synth\u00e8ses de recherche (revues syst\u00e9matiques, revues de synth\u00e8se, revues critiques),\u00a0<\/span><\/li>\n<li><span lang=\"FR-CA\" xml:lang=\"FR-CA\" data-contrast=\"auto\">mod\u00e8les exp\u00e9rimentaux \u00e0 cas unique ou \u00e0 s\u00e9ries de cas.\u00a0<\/span><\/li>\n<\/ul>\n<p><span lang=\"FR-CA\" xml:lang=\"FR-CA\" data-contrast=\"auto\">La priorit\u00e9 sera accord\u00e9e aux recherches d\u00e9j\u00e0 achev\u00e9es, mais les r\u00e9sum\u00e9s comportant une analyse pr\u00e9liminaire des donn\u00e9es seront pris en consid\u00e9ration. Les recherches effectu\u00e9es pendant les deux derni\u00e8res ann\u00e9es dans le cadre d\u2019un programme de ma\u00eetrise en physioth\u00e9rapie au cours des 24 derniers mois sont admissibles.\u00a0<\/span><\/p>\n<p>Formats:<\/p>\n<ul>\n<li><span lang=\"EN-CA\" xml:lang=\"EN-CA\" data-contrast=\"auto\">Pr\u00e9sentation sous forme d\u2019affiche\u202f:\u202fPr\u00e9sentation graphique d\u2019un article scientifique; p\u00e9riode de questions pr\u00e9vue.\u00a0\u00a0<\/span><\/li>\n<li><span lang=\"FR-CA\" xml:lang=\"FR-CA\" data-contrast=\"auto\">Pr\u00e9sentation rapides (5 minutes)\u202f:\u202fPr\u00e9sentation orale concise avec un maximum de 5 diapositives.<\/span><\/li>\n<li><span lang=\"FR-CA\" xml:lang=\"FR-CA\" data-contrast=\"auto\">Pr\u00e9sentation sur podium (15 minutes)\u202f:\u202fpr\u00e9sentation de 10\u202fminutes, plus 3 \u00e0 5\u202fminutes pour r\u00e9pondre aux questions.<\/span><\/li>\n<\/ul>\n            <\/div>\n        <\/div>\n               \n    \n        <div class=\"accordion-content\">\n            <button class=\"dropdown__toggle\" aria-controls=\"content-block_3e7d4fbb0908a32b2162e7e7880b2e1f-2\" aria-expanded=\"false\" id=\"accordion-control-2\">\n                <span class=\"counter\">2)<\/span>\n                Propositions de symposium                <i class=\"fas fa-plus\" aria-hidden=\"true\"><\/i>\n                <i class=\"fas fa-minus\" aria-hidden=\"true\"><\/i>\n            <\/button>\n            <div class=\"dropdown__content\" aria-hidden=\"true\" id=\"content-block_3e7d4fbb0908a32b2162e7e7880b2e1f-2\" >\n                <p><span lang=\"FR-CA\" xml:lang=\"FR-CA\" data-contrast=\"auto\">Les symposiums portent sur des <\/span><strong><span lang=\"FR-CA\" xml:lang=\"FR-CA\" data-contrast=\"auto\">sujets d\u2019int\u00e9r\u00eat pratique, professionnel ou clinique<\/span><\/strong><span lang=\"FR-CA\" xml:lang=\"FR-CA\" data-contrast=\"auto\"> et peuvent durer jusqu\u2019\u00e0 <\/span><strong><span lang=\"FR-CA\" xml:lang=\"FR-CA\" data-contrast=\"auto\">60\u202fminutes<\/span><\/strong><span lang=\"FR-CA\" xml:lang=\"FR-CA\" data-contrast=\"auto\">. Ils doivent \u00eatre pertinents pour la pratique de la physioth\u00e9rapie et mettre en valeur les pratiques exemplaires, l\u2019innovation, les projets d\u2019am\u00e9lioration de la qualit\u00e9, la formation en physioth\u00e9rapie, la mobilisation des connaissances ou les tendances \u00e9mergentes dans la profession. Les soumissions qui favorisent l\u2019<\/span><strong><span lang=\"FR-CA\" xml:lang=\"FR-CA\" data-contrast=\"auto\">engagement<\/span><\/strong><span lang=\"FR-CA\" xml:lang=\"FR-CA\" data-contrast=\"auto\"> et refl\u00e8tent le <\/span><strong><span lang=\"FR-CA\" xml:lang=\"FR-CA\" data-contrast=\"auto\">leadership d\u2019opinion<\/span><\/strong><span lang=\"FR-CA\" xml:lang=\"FR-CA\" data-contrast=\"auto\"> ou l\u2019<\/span><strong><span lang=\"FR-CA\" xml:lang=\"FR-CA\" data-contrast=\"auto\">avancement de la profession<\/span><\/strong><span lang=\"FR-CA\" xml:lang=\"FR-CA\" data-contrast=\"auto\"> sont fortement encourag\u00e9es.<\/span><\/p>\n<p><strong><span lang=\"FR-CA\" xml:lang=\"FR-CA\" data-contrast=\"auto\">Formats:<\/span><\/strong><\/p>\n<ul>\n<li><strong><span lang=\"FR-CA\" xml:lang=\"FR-CA\" data-contrast=\"auto\">Pr\u00e9sentation\u202f<\/span><\/strong><span lang=\"FR-CA\" xml:lang=\"FR-CA\" data-contrast=\"auto\"><strong>:<\/strong> Un conf\u00e9rencier ou un groupe de pr\u00e9sentateurs partagent des pratiques courantes, des recherches, des informations sur la formation ou des enjeux professionnels. La s\u00e9ance doit inclure des informations pratiques et, dans la mesure du possible, des applications concr\u00e8tes pour les participants.\u00a0\u00a0<\/span> .<\/li>\n<li><strong><span lang=\"FR-CA\" xml:lang=\"FR-CA\" data-contrast=\"auto\">Panel de discussion\u202f<\/span><\/strong><span lang=\"FR-CA\" xml:lang=\"FR-CA\" data-contrast=\"auto\"><strong>:<\/strong> Un groupe de 2 \u00e0 4 pr\u00e9sentateurs offre diff\u00e9rentes perspectives sur un m\u00eame sujet, suivi d\u2019une p\u00e9riode de questions ou de discussion. Chaque panel doit comprendre un mod\u00e9rateur.<\/span><\/li>\n<li><strong><span lang=\"FR-CA\" xml:lang=\"FR-CA\" data-contrast=\"auto\">Atelier\u202f<\/span><\/strong><span lang=\"FR-CA\" xml:lang=\"FR-CA\" data-contrast=\"auto\"><strong>:<\/strong> Une s\u00e9ance pratique visant \u00e0 enseigner des comp\u00e9tences ou des approches sp\u00e9cifiques. Elle comprend des d\u00e9monstrations, des exercices ou une pratique guid\u00e9e. La s\u00e9ance doit \u00eatre interactive et mettre l\u2019accent sur le d\u00e9veloppement de comp\u00e9tences.<\/span><\/li>\n<li><strong><span lang=\"FR-CA\" xml:lang=\"FR-CA\" data-contrast=\"auto\">Discussion en tables rondes\u202f<\/span><\/strong><span lang=\"FR-CA\" xml:lang=\"FR-CA\" data-contrast=\"auto\"><strong>:<\/strong> Une discussion en petit groupe anim\u00e9e par un mod\u00e9rateur ou un facilitateur. Les participants partagent leurs exp\u00e9riences et leurs id\u00e9es sur un sujet ou un d\u00e9fi particulier. L\u2019accent est mis sur la communication, la collaboration, le remue-m\u00e9ninges et l\u2019apprentissage entre pairs.<\/span><\/li>\n<\/ul>\n            <\/div>\n        <\/div>\n               \n    \n<\/div>\n\n\n<p class=\"has-small-font-size\"><\/p>\n\n\n\n<h3 class=\"wp-block-heading\"><strong>SOUMISSION D\u2019UN R\u00c9SUM\u00c9<\/strong>&nbsp;<\/h3>\n\n\n\n<p>Veuillez respecter toutes les instructions du <strong><a href=\"https:\/\/physiotherapy.ca\/app\/uploads\/2025\/07\/Abstract-Submission-Guide_2025_FR.pdf\" target=\"_blank\" rel=\"noreferrer noopener\">Guide de soumission des r\u00e9sum\u00e9s<\/a><\/strong> quand vous pr\u00e9parez votre soumission. Les r\u00e9sum\u00e9s incomplets ou mal format\u00e9s ne seront pas \u00e9valu\u00e9s.&nbsp;<\/p>\n\n\n<div id=\"accordion-block_5c77eb9698e660715d9b147dad66e3a8\" class=\"accordion\">\n\n    \n        <div class=\"accordion-content\">\n            <button class=\"dropdown__toggle\" aria-controls=\"content-block_5c77eb9698e660715d9b147dad66e3a8-1\" aria-expanded=\"false\" id=\"accordion-control-1\">\n                <span class=\"counter\">1)<\/span>\n                Avant de soumettre un r\u00e9sum\u00e9                 <i class=\"fas fa-plus\" aria-hidden=\"true\"><\/i>\n                <i class=\"fas fa-minus\" aria-hidden=\"true\"><\/i>\n            <\/button>\n            <div class=\"dropdown__content\" aria-hidden=\"true\" id=\"content-block_5c77eb9698e660715d9b147dad66e3a8-1\" >\n                <p><span lang=\"FR-CA\" xml:lang=\"FR-CA\" data-contrast=\"none\"><strong>Processus de soumission<\/strong><br \/>\n<\/span><\/p>\n<ul>\n<li>Toutes les soumissions doivent \u00eatre envoy\u00e9es par le Portail des r\u00e9sum\u00e9s \u00e0 l\u2019aide des directives fournies.<\/li>\n<li><span lang=\"FR-CA\" xml:lang=\"FR-CA\" data-contrast=\"none\">Pour commencer, cr\u00e9ez un compte\/profil dans le Portail des r\u00e9sum\u00e9s. Veuillez conserver les informations de connexion utilis\u00e9es pour cr\u00e9er votre compte, car elles seront n\u00e9cessaires pour acc\u00e9der au syst\u00e8me de soumission des r\u00e9sum\u00e9s et au portail d&#8217;inscription au Congr\u00e8s.<\/span><\/li>\n<li><span lang=\"FR-CA\" xml:lang=\"FR-CA\" data-contrast=\"auto\">Vous pouvez soumettre votre proposition en anglais, en fran\u00e7ais ou dans les deux langues<\/span><span lang=\"FR-CA\" xml:lang=\"FR-CA\" data-contrast=\"none\">.<\/span><\/li>\n<li><span lang=\"FR-CA\" xml:lang=\"FR-CA\" data-contrast=\"none\">Vous pouvez modifier, enregistrer ou supprimer votre r\u00e9sum\u00e9 \u00e0 tout moment avant la date limite de soumission.<\/span><\/li>\n<\/ul>\n<p><strong><span lang=\"FR-CA\" xml:lang=\"FR-CA\" data-contrast=\"none\">Confirmation <\/span><span lang=\"FR-CA\" xml:lang=\"FR-CA\" data-contrast=\"none\">de la soumission<\/span><\/strong><span lang=\"FR-CA\" xml:lang=\"FR-CA\" data-contrast=\"none\"><br \/>\n<\/span><\/p>\n<ul>\n<li><span lang=\"FR-CA\" xml:lang=\"FR-CA\" data-contrast=\"none\">Apr\u00e8s avoir soumis votre r\u00e9sum\u00e9, vous recevrez un courriel de confirmation.<\/span><\/li>\n<li><span lang=\"FR-CA\" xml:lang=\"FR-CA\" data-contrast=\"auto\">Si vous ne recevez pas de courriel de confirmation, veuillez v\u00e9rifier que votre r\u00e9sum\u00e9 n\u2019est pas rest\u00e9 \u00e0 l\u2019\u00e9tat de brouillon et qu\u2019il a bien \u00e9t\u00e9 soumis en vous reconnectant au portail et en consultant la section \u00ab\u202fModifier les r\u00e9sum\u00e9s\u202f\u00bb<\/span><span lang=\"FR-CA\" xml:lang=\"FR-CA\" data-contrast=\"none\"> (Edit Abstracts).<\/span><\/li>\n<\/ul>\n            <\/div>\n        <\/div>\n               \n    \n        <div class=\"accordion-content\">\n            <button class=\"dropdown__toggle\" aria-controls=\"content-block_5c77eb9698e660715d9b147dad66e3a8-2\" aria-expanded=\"false\" id=\"accordion-control-2\">\n                <span class=\"counter\">2)<\/span>\n                Partie Apr\u00e8s l\u2019acceptation de votre r\u00e9sum\u00e9                 <i class=\"fas fa-plus\" aria-hidden=\"true\"><\/i>\n                <i class=\"fas fa-minus\" aria-hidden=\"true\"><\/i>\n            <\/button>\n            <div class=\"dropdown__content\" aria-hidden=\"true\" id=\"content-block_5c77eb9698e660715d9b147dad66e3a8-2\" >\n                <p><strong><span lang=\"FR-CA\" xml:lang=\"FR-CA\" data-contrast=\"none\">Avis d\u2019acceptation et inscription<\/span><\/strong><\/p>\n<ul>\n<li><span lang=\"FR-CA\" xml:lang=\"FR-CA\" data-contrast=\"auto\">Les auteurs seront inform\u00e9s de l\u2019acceptation entre <\/span><strong><span lang=\"FR-CA\" xml:lang=\"FR-CA\" data-contrast=\"auto\">novembre et d\u00e9cembre 2025<\/span><\/strong><\/li>\n<li><span lang=\"FR-CA\" xml:lang=\"FR-CA\" data-contrast=\"auto\">Les pr\u00e9sentateurs doivent confirmer leur participation et <\/span><strong><span lang=\"FR-CA\" xml:lang=\"FR-CA\" data-contrast=\"auto\">s\u2019inscrire avant le 9\u202fjanvier\u202f2026<\/span><\/strong><\/li>\n<li><span lang=\"FR-CA\" xml:lang=\"FR-CA\" data-contrast=\"auto\">Tous les pr\u00e9sentateurs doivent \u00eatre disponibles pour une pr\u00e9sentation en personne du <\/span><strong><span lang=\"FR-CA\" xml:lang=\"FR-CA\" data-contrast=\"auto\">28 au 30\u202fmai\u202f2026<\/span><\/strong><span lang=\"FR-CA\" xml:lang=\"FR-CA\" data-contrast=\"auto\"> \u00e0 Halifax, en Nouvelle-\u00c9cosse.<\/span><\/li>\n<li><span lang=\"FR-CA\" xml:lang=\"FR-CA\" data-contrast=\"auto\">Tous les pr\u00e9sentateurs doivent \u00eatre inscrits \u00e0 la conf\u00e9rence; ils b\u00e9n\u00e9ficieront d\u2019une r\u00e9duction de 15\u202f% sur les frais d\u2019inscription anticip\u00e9e pour l\u2019inscription compl\u00e8te au Congr\u00e8s.<\/span><\/li>\n<\/ul>\n            <\/div>\n        <\/div>\n               \n    \n        <div class=\"accordion-content\">\n            <button class=\"dropdown__toggle\" aria-controls=\"content-block_5c77eb9698e660715d9b147dad66e3a8-3\" aria-expanded=\"false\" id=\"accordion-control-3\">\n                <span class=\"counter\">3)<\/span>\n                 Format de la s\u00e9ance et changements                <i class=\"fas fa-plus\" aria-hidden=\"true\"><\/i>\n                <i class=\"fas fa-minus\" aria-hidden=\"true\"><\/i>\n            <\/button>\n            <div class=\"dropdown__content\" aria-hidden=\"true\" id=\"content-block_5c77eb9698e660715d9b147dad66e3a8-3\" >\n                <ul>\n<li><span lang=\"FR-CA\" xml:lang=\"FR-CA\" data-contrast=\"none\">La pr\u00e9sentation des r\u00e9sum\u00e9s accept\u00e9s doit couvrir le m\u00eame contenu et suivre la m\u00eame structure que celle d\u00e9crite dans la soumission.<\/span><\/li>\n<li><span lang=\"FR-CA\" xml:lang=\"FR-CA\" data-contrast=\"auto\">En raison de contraintes d\u2019horaire, il se peut que l\u2019on vous demande d\u2019ajuster le format ou la dur\u00e9e de la s\u00e9ance<\/span><span lang=\"FR-CA\" xml:lang=\"FR-CA\" data-contrast=\"none\">.<\/span><\/li>\n<li><span lang=\"FR-CA\" xml:lang=\"FR-CA\" data-contrast=\"none\">Certaines soumissions pourraient \u00eatre appel\u00e9es \u00e0 \u00eatre pr\u00e9sent\u00e9es lors d&#8217;un autre \u00e9v\u00e9nement de l&#8217;ACP (webinaire, \u00e9v\u00e9nement au sommet li\u00e9 \u00e0 une division ou \u00e0 l&#8217;Assembl\u00e9e ou sur le leadership).<\/span><\/li>\n<\/ul>\n            <\/div>\n        <\/div>\n               \n    \n        <div class=\"accordion-content\">\n            <button class=\"dropdown__toggle\" aria-controls=\"content-block_5c77eb9698e660715d9b147dad66e3a8-4\" aria-expanded=\"false\" id=\"accordion-control-4\">\n                <span class=\"counter\">4)<\/span>\n                Pr\u00e9sentation audiovisuelle et mat\u00e9riel                 <i class=\"fas fa-plus\" aria-hidden=\"true\"><\/i>\n                <i class=\"fas fa-minus\" aria-hidden=\"true\"><\/i>\n            <\/button>\n            <div class=\"dropdown__content\" aria-hidden=\"true\" id=\"content-block_5c77eb9698e660715d9b147dad66e3a8-4\" >\n                <ul>\n<li><span lang=\"FR-CA\" xml:lang=\"FR-CA\" data-contrast=\"none\">L\u2019\u00e9quipement audiovisuel fourni comprend un \u00e9cran, un projecteur ACL, un podium, un microphone (selon la taille de la salle), ainsi qu\u2019un ordinateur portable<\/span><\/li>\n<li><span lang=\"FR-CA\" xml:lang=\"FR-CA\" data-contrast=\"none\">L\u2019utilisation d\u2019ordinateurs portables personnels n\u2019est pas autoris\u00e9e.<\/span><\/li>\n<li><span lang=\"FR-CA\" xml:lang=\"FR-CA\" data-contrast=\"none\">PowerPoint est le format de pr\u00e9sentation le plus courant.<\/span><\/li>\n<li><span lang=\"FR-CA\" xml:lang=\"FR-CA\" data-contrast=\"none\">Les pr\u00e9sentateurs doivent t\u00e9l\u00e9charger leur diaporama sur le portail des r\u00e9sum\u00e9s avant le Congr\u00e8s.<\/span><\/li>\n<li><span lang=\"FR-CA\" xml:lang=\"FR-CA\" data-contrast=\"none\">Les documents imprim\u00e9s sont la responsabilit\u00e9 du pr\u00e9sentateur. Aucun service de photocopie n\u2019est disponible sur place.<\/span><\/li>\n<\/ul>\n            <\/div>\n        <\/div>\n               \n    \n        <div class=\"accordion-content\">\n            <button class=\"dropdown__toggle\" aria-controls=\"content-block_5c77eb9698e660715d9b147dad66e3a8-5\" aria-expanded=\"false\" id=\"accordion-control-5\">\n                <span class=\"counter\">5)<\/span>\n                Consentement, publication et droits d\u2019auteur                 <i class=\"fas fa-plus\" aria-hidden=\"true\"><\/i>\n                <i class=\"fas fa-minus\" aria-hidden=\"true\"><\/i>\n            <\/button>\n            <div class=\"dropdown__content\" aria-hidden=\"true\" id=\"content-block_5c77eb9698e660715d9b147dad66e3a8-5\" >\n                <ul>\n<li>Les r\u00e9sum\u00e9s et les informations sur les pr\u00e9sentateurs seront publi\u00e9s dans le programme du Congr\u00e8s et en ligne.<\/li>\n<li><span lang=\"FR-CA\" xml:lang=\"FR-CA\" data-contrast=\"auto\">Avant de soumettre leur pr\u00e9sentation, les conf\u00e9renciers doivent obtenir l\u2019autorisation requise pour tous les \u00e9l\u00e9ments prot\u00e9g\u00e9s par le droit d\u2019auteur (mat\u00e9riel, informations sur les patients, etc.) ainsi que pour toute image.<\/span><\/li>\n<li><span lang=\"FR-CA\" xml:lang=\"FR-CA\" data-contrast=\"auto\">Toute recherche impliquant des sujets humains ou animaux doit obtenir une autorisation \u00e9thique.<\/span><\/li>\n<li><span lang=\"FR-CA\" xml:lang=\"FR-CA\" data-contrast=\"none\">Apr\u00e8s pr\u00e9sentation au Congr\u00e8s, les auteurs peuvent inclure l\u2019\u0153uvre dans des articles, des livres ou des \u0153uvres d\u00e9riv\u00e9es qu\u2019ils r\u00e9digent ou dirigent, \u00e0 condition que cette utilisation n\u2019implique pas l\u2019approbation de l\u2019ACP.<\/span><\/li>\n<\/ul>\n            <\/div>\n        <\/div>\n               \n    \n        <div class=\"accordion-content\">\n            <button class=\"dropdown__toggle\" aria-controls=\"content-block_5c77eb9698e660715d9b147dad66e3a8-6\" aria-expanded=\"false\" id=\"accordion-control-6\">\n                <span class=\"counter\">6)<\/span>\n                Directives pour les pr\u00e9sentateurs                 <i class=\"fas fa-plus\" aria-hidden=\"true\"><\/i>\n                <i class=\"fas fa-minus\" aria-hidden=\"true\"><\/i>\n            <\/button>\n            <div class=\"dropdown__content\" aria-hidden=\"true\" id=\"content-block_5c77eb9698e660715d9b147dad66e3a8-6\" >\n                <ol>\n<li><span lang=\"FR-CA\" xml:lang=\"FR-CA\" data-contrast=\"auto\">Il est interdit de faire de la publicit\u00e9 pour soi-m\u00eame ou de publier du contenu commercial.<\/span><\/li>\n<li><span lang=\"FR-CA\" xml:lang=\"FR-CA\" data-contrast=\"auto\">Avant chaque pr\u00e9sentation, il est obligatoire de divulguer tout conflit d\u2019int\u00e9r\u00eats potentiel.<\/span><\/li>\n<li><span lang=\"FR-CA\" xml:lang=\"FR-CA\" data-contrast=\"auto\">Veillez \u00e0 ce qu\u2019aucune information permettant d\u2019identifier la ville, la province ou l\u2019\u00e9tablissement concern\u00e9 ne figure dans la soumission.<\/span><\/li>\n<li><span lang=\"FR-CA\" xml:lang=\"FR-CA\" data-contrast=\"auto\">N\u2019oubliez pas de reconna\u00eetre toute contribution ext\u00e9rieure (par exemple, \u00ab<\/span><span lang=\"FR-CA\" xml:lang=\"FR-CA\" data-contrast=\"auto\">\u2009<\/span><span lang=\"FR-CA\" xml:lang=\"FR-CA\" data-contrast=\"auto\">Nous remercions [nom de l\u2019entreprise] pour son soutien<\/span><span lang=\"FR-CA\" xml:lang=\"FR-CA\" data-contrast=\"auto\">\u2009<\/span><span lang=\"FR-CA\" xml:lang=\"FR-CA\" data-contrast=\"auto\">\u00bb).<\/span><\/li>\n<\/ol>\n<div class=\"OutlineElement Ltr SCXW113829070 BCX8\" style=\"-webkit-user-drag: none; -webkit-tap-highlight-color: transparent; margin: 0px; padding: 0px; user-select: text; clear: both; cursor: text; overflow: visible; position: relative; direction: ltr; color: #000000; font-family: 'Segoe UI', 'Segoe UI Web', Arial, Verdana, sans-serif; font-size: 12px;\">\n<p class=\"Paragraph SCXW113829070 BCX8\" style=\"-webkit-user-drag: none; -webkit-tap-highlight-color: transparent; margin: 0px; padding: 0px; user-select: text; overflow-wrap: break-word; white-space-collapse: preserve; vertical-align: baseline; font-kerning: none; color: windowtext;\">\n<\/div>\n            <\/div>\n        <\/div>\n               \n    \n        <div class=\"accordion-content\">\n            <button class=\"dropdown__toggle\" aria-controls=\"content-block_5c77eb9698e660715d9b147dad66e3a8-7\" aria-expanded=\"false\" id=\"accordion-control-7\">\n                <span class=\"counter\">7)<\/span>\n                Raisons courantes de rejet                 <i class=\"fas fa-plus\" aria-hidden=\"true\"><\/i>\n                <i class=\"fas fa-minus\" aria-hidden=\"true\"><\/i>\n            <\/button>\n            <div class=\"dropdown__content\" aria-hidden=\"true\" id=\"content-block_5c77eb9698e660715d9b147dad66e3a8-7\" >\n                <p><span lang=\"FR-CA\" xml:lang=\"FR-CA\" data-contrast=\"auto\">Afin de garantir la qualit\u00e9 et la solidit\u00e9 du programme, les candidatures peuvent \u00eatre refus\u00e9es si elles\u202f:<br \/>\n<\/span><\/p>\n<ul>\n<li>ne respectent pas les consignes de mise en forme ou de soumission requises<\/li>\n<li><span lang=\"FR-CA\" xml:lang=\"FR-CA\" data-contrast=\"auto\">manquent de pertinence pour la pratique de la physioth\u00e9rapie, la recherche, l&#8217;\u00e9ducation ou le d\u00e9veloppement professionnel.<\/span><\/li>\n<li>contiennent <span lang=\"FR-CA\" xml:lang=\"FR-CA\" data-contrast=\"auto\">des informations incompl\u00e8tes ou peu claires, ou sont laiss\u00e9s \u00e0 l&#8217;\u00e9tat de brouillon.<\/span><\/li>\n<li><span lang=\"FR-CA\" xml:lang=\"FR-CA\" data-contrast=\"auto\">incluent les recherches qui n&#8217;ont pas fait l&#8217;objet d&#8217;une analyse des donn\u00e9es (c&#8217;est-\u00e0-dire sans r\u00e9sultats, m\u00eame pr\u00e9liminaires).<\/span><\/li>\n<li><span lang=\"FR-CA\" xml:lang=\"FR-CA\" data-contrast=\"auto\">mettent l&#8217;accent sur la promotion commerciale ou incluent des pr\u00e9occupations relatives aux conflits d\u2019int\u00e9r\u00eats qui n\u2019ont pas \u00e9t\u00e9 correctement divulgu\u00e9es.<\/span><\/li>\n<\/ul>\n<p><strong><span lang=\"FR-CA\" xml:lang=\"FR-CA\" data-contrast=\"auto\">Remarque<\/span><span lang=\"FR-CA\" xml:lang=\"FR-CA\" data-contrast=\"auto\">:<\/span><\/strong> <strong><span lang=\"FR-CA\" xml:lang=\"FR-CA\" data-contrast=\"auto\">Bien que les \u00e9tudes comportant des donn\u00e9es pr\u00e9liminaires puissent \u00eatre prises en consid\u00e9ration, les r\u00e9sum\u00e9s <\/span><span lang=\"FR-CA\" xml:lang=\"FR-CA\" data-contrast=\"auto\">qui ne comprennent aucune forme d&#8217;analyse ou de r\u00e9sultats<\/span><span lang=\"FR-CA\" xml:lang=\"FR-CA\" data-contrast=\"auto\">, m\u00eame provisoires, ne seront pas accept\u00e9s.<\/span><\/strong><\/p>\n            <\/div>\n        <\/div>\n               \n    \n<\/div>\n\n\n<p><a id=\"_msocom_1\"><\/a><\/p>\n\n\n\n<h2 class=\"wp-block-heading\"><strong>Conditions g\u00e9n\u00e9rales<\/strong><\/h2>\n\n\n<div id=\"accordion-block_e1c7a657737f9c83ca6eb7d5fff2206b\" class=\"accordion\">\n\n    \n        <div class=\"accordion-content\">\n            <button class=\"dropdown__toggle\" aria-controls=\"content-block_e1c7a657737f9c83ca6eb7d5fff2206b-1\" aria-expanded=\"false\" id=\"accordion-control-1\">\n                <span class=\"counter\">1)<\/span>\n                 Conditions g\u00e9n\u00e9rales                <i class=\"fas fa-plus\" aria-hidden=\"true\"><\/i>\n                <i class=\"fas fa-minus\" aria-hidden=\"true\"><\/i>\n            <\/button>\n            <div class=\"dropdown__content\" aria-hidden=\"true\" id=\"content-block_e1c7a657737f9c83ca6eb7d5fff2206b-1\" >\n                <ol>\n<li><span lang=\"FR-CA\" xml:lang=\"FR-CA\" data-contrast=\"auto\">Le r\u00e9sum\u00e9 soumis respecte les directives de soumission des r\u00e9sum\u00e9s d\u00e9crites ci-dessus.<\/span><\/li>\n<li><span lang=\"FR-CA\" xml:lang=\"FR-CA\" data-contrast=\"auto\">Le texte du r\u00e9sum\u00e9, ainsi que les noms et affiliations, les affiches, les pr\u00e9sentations PowerPoint et\/ou les documents suppl\u00e9mentaires demand\u00e9s seront publi\u00e9s sur le site Web du Congr\u00e8s et dans le livre des r\u00e9sum\u00e9s; cela ne posera aucun probl\u00e8me de droit d\u2019auteur.<\/span><\/li>\n<li><span lang=\"FR-CA\" xml:lang=\"FR-CA\" data-contrast=\"auto\">Une soumission sous un format de pr\u00e9sentation particulier peut \u00eatre modifi\u00e9e vers un format diff\u00e9rent apr\u00e8s examen afin d\u2019\u00eatre accept\u00e9e et incluse dans le programme.<\/span><\/li>\n<li><span lang=\"FR-CA\" xml:lang=\"FR-CA\" data-contrast=\"auto\">Les pr\u00e9sentateurs peuvent \u00eatre enregistr\u00e9s pour une diffusion en direct. Un enregistrement de la pr\u00e9sentation et une copie des diapositives pourront \u00eatre publi\u00e9s en ligne apr\u00e8s le Congr\u00e8s.<\/span><\/li>\n<li><span lang=\"FR-CA\" xml:lang=\"FR-CA\" data-contrast=\"auto\">Il incombe au pr\u00e9sentateur principal de soumettre le r\u00e9sum\u00e9. Ils sont le contact principal dont la responsabilit\u00e9 est de communiquer avec les autres co-auteurs et de veiller \u00e0 ce qu\u2019ils s\u2019inscrivent pour \u00eatre inclus dans le programme.<\/span><\/li>\n<li><span lang=\"FR-CA\" xml:lang=\"FR-CA\" data-contrast=\"auto\">Tous les pr\u00e9sentateurs accept\u00e9s doivent confirmer leur acceptation avant le <\/span><strong><span lang=\"FR-CA\" xml:lang=\"FR-CA\" data-contrast=\"auto\">9 janvier 2026<\/span><\/strong><span lang=\"FR-CA\" xml:lang=\"FR-CA\" data-contrast=\"auto\"> et s\u2019inscrire avant le <\/span><strong><span lang=\"FR-CA\" xml:lang=\"FR-CA\" data-contrast=\"auto\">9 janvier 2026<\/span><\/strong><span lang=\"FR-CA\" xml:lang=\"FR-CA\" data-contrast=\"auto\"> pour confirmer l\u2019acceptation de leur offre dans le programme. S\u2019ils sont accept\u00e9s et que les pr\u00e9sentateurs ne sont pas inscrits \u00e0 cette date, ils pourront \u00eatre retir\u00e9s du programme. <\/span><\/li>\n<li><span lang=\"FR-CA\" xml:lang=\"FR-CA\" data-contrast=\"auto\">Tous les pr\u00e9sentateurs sont disponibles pour pr\u00e9senter au Congr\u00e8s les 28 et\/ou 29 mai et\/ou 30 mai 2026 \u00e0 Halifax, en Nouvelle-\u00c9cosse.<\/span><\/li>\n<li><span lang=\"FR-CA\" xml:lang=\"FR-CA\" data-contrast=\"auto\">La pr\u00e9sentation PowerPoint sera la principale ressource disponible pour les pr\u00e9sentations.<\/span><\/li>\n<li><span lang=\"FR-CA\" xml:lang=\"FR-CA\" data-contrast=\"auto\">Les s\u00e9ances du Congr\u00e8s ne peuvent pas \u00eatre utilis\u00e9es \u00e0 des fins d\u2019autopromotion ou de pr\u00e9sentations commerciales.<\/span><\/li>\n<li><span lang=\"FR-CA\" xml:lang=\"FR-CA\" data-contrast=\"auto\">La divulgation des conflits d\u2019int\u00e9r\u00eats potentiels est requise au d\u00e9but de chaque pr\u00e9sentation de diapositives.<\/span><\/li>\n<li><span lang=\"FR-CA\" xml:lang=\"FR-CA\" data-contrast=\"auto\">Le ou les auteurs conservent le droit, apr\u00e8s pr\u00e9sentation au Congr\u00e8s, d\u2019inclure l\u2019\u0153uvre dans des articles, des livres ou des \u0153uvres d\u00e9riv\u00e9es qu\u2019ils \u00e9crivent ou \u00e9ditent, \u00e0 condition que cette utilisation n\u2019implique pas l\u2019approbation de l\u2019ACP.<\/span><\/li>\n<li><span lang=\"FR-CA\" xml:lang=\"FR-CA\" data-contrast=\"auto\">L\u2019ACP ne fournira aucun honoraire, aucuns frais ou paiement de d\u00e9penses pour les pr\u00e9sentations. Tous les pr\u00e9sentateurs doivent \u00eatre inscrits au Congr\u00e8s afin de pouvoir pr\u00e9senter au Congr\u00e8s 2026; ils b\u00e9n\u00e9ficieront d\u2019une r\u00e9duction de 15 % sur les frais d\u2019inscription anticip\u00e9e et cela s\u2019applique uniquement \u00e0 l\u2019inscription compl\u00e8te au Congr\u00e8s.<\/span><\/li>\n<\/ol>\n            <\/div>\n        <\/div>\n               \n    \n        <div class=\"accordion-content\">\n            <button class=\"dropdown__toggle\" aria-controls=\"content-block_e1c7a657737f9c83ca6eb7d5fff2206b-2\" aria-expanded=\"false\" id=\"accordion-control-2\">\n                <span class=\"counter\">2)<\/span>\n                \u202fConsentement, autorisations et droits d\u2019auteur                 <i class=\"fas fa-plus\" aria-hidden=\"true\"><\/i>\n                <i class=\"fas fa-minus\" aria-hidden=\"true\"><\/i>\n            <\/button>\n            <div class=\"dropdown__content\" aria-hidden=\"true\" id=\"content-block_e1c7a657737f9c83ca6eb7d5fff2206b-2\" >\n                <p><strong><span lang=\"FR-CA\" xml:lang=\"FR-CA\" data-contrast=\"auto\">En soumettant un r\u00e9sum\u00e9, vous devez confirmer que :<\/span><\/strong><\/p>\n<ul>\n<li><span lang=\"FR-CA\" xml:lang=\"FR-CA\" data-contrast=\"auto\">Vous acceptez la responsabilit\u00e9 de l\u2019exactitude du r\u00e9sum\u00e9 soumis et comprenez que le contenu ne peut pas \u00eatre modifi\u00e9 ou corrig\u00e9 apr\u00e8s la date limite de soumission et sera publi\u00e9 exactement tel que soumis.<\/span><\/li>\n<li><span lang=\"FR-CA\" xml:lang=\"FR-CA\" data-contrast=\"auto\">Tous les co-auteurs connaissent et acceptent le contenu du r\u00e9sum\u00e9 et soutiennent les donn\u00e9es pr\u00e9sent\u00e9es.<\/span><\/li>\n<li><span lang=\"FR-CA\" xml:lang=\"FR-CA\" data-contrast=\"auto\">La personne ayant fait la soumission accepte la responsabilit\u00e9 en tant que personne de contact pour toute correspondance concernant le r\u00e9sum\u00e9 et pour partager les informations avec tous les auteurs.<\/span><\/li>\n<li><span lang=\"FR-CA\" xml:lang=\"FR-CA\" data-contrast=\"auto\">Vous avez obtenu toutes les autorisations de droit d\u2019auteur\/permissions requises pour l\u2019inclusion dans les \u00e9v\u00e9nements et publications de l\u2019ACP.<\/span><\/li>\n<li><span lang=\"FR-CA\" xml:lang=\"FR-CA\" data-contrast=\"auto\">Pour toutes les \u00e9tudes impliquant des participants humains ou des sujets animaux, l\u2019autorisation a \u00e9t\u00e9 obtenue de l\u2019autorit\u00e9 de r\u00e9glementation comp\u00e9tente et un consentement d\u00fbment \u00e9clair\u00e9 a \u00e9t\u00e9 donn\u00e9 pour le travail r\u00e9alis\u00e9 et\/ou l\u2019intention de le pr\u00e9senter.<\/span><\/li>\n<li><span lang=\"FR-CA\" xml:lang=\"FR-CA\" data-contrast=\"auto\">Toute personne identifiable dans le r\u00e9sum\u00e9 et la pr\u00e9sentation a donn\u00e9 son consentement \u00e0 \u00eatre incluse.<\/span><\/li>\n<li><span lang=\"FR-CA\" xml:lang=\"FR-CA\" data-contrast=\"auto\">L\u2019\u0153uvre ne porte atteinte \u00e0 aucun droit d\u2019auteur, de propri\u00e9t\u00e9 ou droit personnel d\u2019un tiers.<\/span><\/li>\n<li><span lang=\"FR-CA\" xml:lang=\"FR-CA\" data-contrast=\"auto\">Vous avez identifi\u00e9 tout conflit d\u2019int\u00e9r\u00eats potentiel.<\/span><\/li>\n<li><span lang=\"FR-CA\" xml:lang=\"FR-CA\" data-contrast=\"auto\">Consentement \u00e0 ce que les noms des auteurs, leur affiliation et leur mat\u00e9riel biologique soient utilis\u00e9s dans le cadre de la publication de votre travail.<\/span><\/li>\n<\/ul>\n            <\/div>\n        <\/div>\n               \n    \n<\/div>\n\n\n<div style=\"height:100px\" aria-hidden=\"true\" class=\"wp-block-spacer\"><\/div>\n\n\n\n<div class=\"wp-block-buttons is-layout-flex wp-block-buttons-is-layout-flex\">\n<div class=\"wp-block-button\"><a class=\"wp-block-button__link wp-element-button\" href=\"https:\/\/www.surveymonkey.com\/r\/MXSKQR3\">SOUMETTRE UNE PROPOSITION<\/a><\/div>\n<\/div>\n","protected":false},"excerpt":{"rendered":"<p>L\u2019Association canadienne de physioth\u00e9rapie a le plaisir d\u2019inviter les auteurs \u00e0 soumettre des r\u00e9sum\u00e9s qui seront pr\u00e9sent\u00e9s lors du Congr\u00e8s annuel 2026 de l\u2019Association canadienne de physioth\u00e9rapie \u00e0 Halifax, en Nouvelle-\u00c9cosse, du 28 au 30 mai 2026. Qu\u2019est-ce que le [&hellip;]<\/p>\n","protected":false},"author":25093,"featured_media":0,"parent":0,"menu_order":2,"comment_status":"closed","ping_status":"closed","template":"","meta":{"inline_featured_image":false,"ep_exclude_from_search":false,"footnotes":""},"topic":[],"class_list":["post-272601","page","type-page","status-publish","hentry"],"acf":[],"yoast_head":"<!-- This site is optimized with the Yoast SEO plugin v24.7 - https:\/\/yoast.com\/wordpress\/plugins\/seo\/ -->\n<title>Congr\u00e8s annuel 2026 - Appel de pr\u00e9sentations - Canadian Physiotherapy Association<\/title>\n<meta name=\"robots\" content=\"index, follow, max-snippet:-1, max-image-preview:large, max-video-preview:-1\" \/>\n<link rel=\"canonical\" href=\"https:\/\/physiotherapy.ca\/fr\/congres-annuel-2026-appel-de-presentations\/\" \/>\n<meta property=\"og:locale\" content=\"fr_FR\" \/>\n<meta property=\"og:type\" content=\"article\" \/>\n<meta property=\"og:title\" content=\"Congr\u00e8s annuel 2026 - Appel de pr\u00e9sentations - Canadian Physiotherapy Association\" \/>\n<meta property=\"og:description\" content=\"L\u2019Association canadienne de physioth\u00e9rapie a le plaisir d\u2019inviter les auteurs \u00e0 soumettre des r\u00e9sum\u00e9s qui seront pr\u00e9sent\u00e9s lors du Congr\u00e8s annuel 2026 de l\u2019Association canadienne de physioth\u00e9rapie \u00e0 Halifax, en Nouvelle-\u00c9cosse, du 28 au 30 mai 2026. Qu\u2019est-ce que le [&hellip;]\" \/>\n<meta property=\"og:url\" content=\"https:\/\/physiotherapy.ca\/fr\/congres-annuel-2026-appel-de-presentations\/\" \/>\n<meta property=\"og:site_name\" content=\"Canadian Physiotherapy Association\" \/>\n<meta property=\"article:modified_time\" content=\"2025-10-08T17:45:02+00:00\" \/>\n<meta name=\"twitter:card\" content=\"summary_large_image\" \/>\n<meta name=\"twitter:label1\" content=\"Est. reading time\" \/>\n\t<meta name=\"twitter:data1\" content=\"3 minutes\" \/>\n<script type=\"application\/ld+json\" class=\"yoast-schema-graph\">{\"@context\":\"https:\/\/schema.org\",\"@graph\":[{\"@type\":\"WebPage\",\"@id\":\"https:\/\/physiotherapy.ca\/fr\/congres-annuel-2026-appel-de-presentations\/\",\"url\":\"https:\/\/physiotherapy.ca\/fr\/congres-annuel-2026-appel-de-presentations\/\",\"name\":\"Congr\u00e8s annuel 2026 - Appel de pr\u00e9sentations - Canadian Physiotherapy Association\",\"isPartOf\":{\"@id\":\"https:\/\/physiotherapy.ca\/#website\"},\"datePublished\":\"2025-07-09T15:31:07+00:00\",\"dateModified\":\"2025-10-08T17:45:02+00:00\",\"breadcrumb\":{\"@id\":\"https:\/\/physiotherapy.ca\/fr\/congres-annuel-2026-appel-de-presentations\/#breadcrumb\"},\"inLanguage\":\"fr-FR\",\"potentialAction\":[{\"@type\":\"ReadAction\",\"target\":[\"https:\/\/physiotherapy.ca\/fr\/congres-annuel-2026-appel-de-presentations\/\"]}]},{\"@type\":\"BreadcrumbList\",\"@id\":\"https:\/\/physiotherapy.ca\/fr\/congres-annuel-2026-appel-de-presentations\/#breadcrumb\",\"itemListElement\":[{\"@type\":\"ListItem\",\"position\":1,\"name\":\"Home\",\"item\":\"https:\/\/physiotherapy.ca\/fr\/\"},{\"@type\":\"ListItem\",\"position\":2,\"name\":\"Congr\u00e8s annuel 2026 &#8211; Appel de pr\u00e9sentations\"}]},{\"@type\":\"WebSite\",\"@id\":\"https:\/\/physiotherapy.ca\/#website\",\"url\":\"https:\/\/physiotherapy.ca\/\",\"name\":\"Canadian Physiotherapy Association\",\"description\":\"The Canadian Physiotherapy Association (CPA) represents over 16,000 physiotherapy professionals and students across Canada.\",\"potentialAction\":[{\"@type\":\"SearchAction\",\"target\":{\"@type\":\"EntryPoint\",\"urlTemplate\":\"https:\/\/physiotherapy.ca\/?s={search_term_string}\"},\"query-input\":{\"@type\":\"PropertyValueSpecification\",\"valueRequired\":true,\"valueName\":\"search_term_string\"}}],\"inLanguage\":\"fr-FR\"}]}<\/script>\n<!-- \/ Yoast SEO plugin. -->","yoast_head_json":{"title":"Congr\u00e8s annuel 2026 - Appel de pr\u00e9sentations - Canadian Physiotherapy Association","robots":{"index":"index","follow":"follow","max-snippet":"max-snippet:-1","max-image-preview":"max-image-preview:large","max-video-preview":"max-video-preview:-1"},"canonical":"https:\/\/physiotherapy.ca\/fr\/congres-annuel-2026-appel-de-presentations\/","og_locale":"fr_FR","og_type":"article","og_title":"Congr\u00e8s annuel 2026 - Appel de pr\u00e9sentations - Canadian Physiotherapy Association","og_description":"L\u2019Association canadienne de physioth\u00e9rapie a le plaisir d\u2019inviter les auteurs \u00e0 soumettre des r\u00e9sum\u00e9s qui seront pr\u00e9sent\u00e9s lors du Congr\u00e8s annuel 2026 de l\u2019Association canadienne de physioth\u00e9rapie \u00e0 Halifax, en Nouvelle-\u00c9cosse, du 28 au 30 mai 2026. Qu\u2019est-ce que le [&hellip;]","og_url":"https:\/\/physiotherapy.ca\/fr\/congres-annuel-2026-appel-de-presentations\/","og_site_name":"Canadian Physiotherapy Association","article_modified_time":"2025-10-08T17:45:02+00:00","twitter_card":"summary_large_image","twitter_misc":{"Est. reading time":"3 minutes"},"schema":{"@context":"https:\/\/schema.org","@graph":[{"@type":"WebPage","@id":"https:\/\/physiotherapy.ca\/fr\/congres-annuel-2026-appel-de-presentations\/","url":"https:\/\/physiotherapy.ca\/fr\/congres-annuel-2026-appel-de-presentations\/","name":"Congr\u00e8s annuel 2026 - Appel de pr\u00e9sentations - Canadian Physiotherapy Association","isPartOf":{"@id":"https:\/\/physiotherapy.ca\/#website"},"datePublished":"2025-07-09T15:31:07+00:00","dateModified":"2025-10-08T17:45:02+00:00","breadcrumb":{"@id":"https:\/\/physiotherapy.ca\/fr\/congres-annuel-2026-appel-de-presentations\/#breadcrumb"},"inLanguage":"fr-FR","potentialAction":[{"@type":"ReadAction","target":["https:\/\/physiotherapy.ca\/fr\/congres-annuel-2026-appel-de-presentations\/"]}]},{"@type":"BreadcrumbList","@id":"https:\/\/physiotherapy.ca\/fr\/congres-annuel-2026-appel-de-presentations\/#breadcrumb","itemListElement":[{"@type":"ListItem","position":1,"name":"Home","item":"https:\/\/physiotherapy.ca\/fr\/"},{"@type":"ListItem","position":2,"name":"Congr\u00e8s annuel 2026 &#8211; Appel de pr\u00e9sentations"}]},{"@type":"WebSite","@id":"https:\/\/physiotherapy.ca\/#website","url":"https:\/\/physiotherapy.ca\/","name":"Canadian Physiotherapy Association","description":"The Canadian Physiotherapy Association (CPA) represents over 16,000 physiotherapy professionals and students across Canada.","potentialAction":[{"@type":"SearchAction","target":{"@type":"EntryPoint","urlTemplate":"https:\/\/physiotherapy.ca\/?s={search_term_string}"},"query-input":{"@type":"PropertyValueSpecification","valueRequired":true,"valueName":"search_term_string"}}],"inLanguage":"fr-FR"}]}},"_links":{"self":[{"href":"https:\/\/physiotherapy.ca\/fr\/wp-json\/wp\/v2\/pages\/272601","targetHints":{"allow":["GET"]}}],"collection":[{"href":"https:\/\/physiotherapy.ca\/fr\/wp-json\/wp\/v2\/pages"}],"about":[{"href":"https:\/\/physiotherapy.ca\/fr\/wp-json\/wp\/v2\/types\/page"}],"author":[{"embeddable":true,"href":"https:\/\/physiotherapy.ca\/fr\/wp-json\/wp\/v2\/users\/25093"}],"replies":[{"embeddable":true,"href":"https:\/\/physiotherapy.ca\/fr\/wp-json\/wp\/v2\/comments?post=272601"}],"version-history":[{"count":45,"href":"https:\/\/physiotherapy.ca\/fr\/wp-json\/wp\/v2\/pages\/272601\/revisions"}],"predecessor-version":[{"id":278305,"href":"https:\/\/physiotherapy.ca\/fr\/wp-json\/wp\/v2\/pages\/272601\/revisions\/278305"}],"wp:attachment":[{"href":"https:\/\/physiotherapy.ca\/fr\/wp-json\/wp\/v2\/media?parent=272601"}],"wp:term":[{"taxonomy":"topic","embeddable":true,"href":"https:\/\/physiotherapy.ca\/fr\/wp-json\/wp\/v2\/topic?post=272601"}],"curies":[{"name":"wp","href":"https:\/\/api.w.org\/{rel}","templated":true}]}}