{"id":8590,"date":"2022-08-15T12:13:22","date_gmt":"2022-08-15T16:13:22","guid":{"rendered":"https:\/\/physiotherapy.ca\/?page_id=8590"},"modified":"2026-02-11T09:41:08","modified_gmt":"2026-02-11T14:41:08","slug":"conference-commemorative-enid-graham","status":"publish","type":"page","link":"https:\/\/physiotherapy.ca\/fr\/membership-fr\/prix-de-lacp\/conference-commemorative-enid-graham\/","title":{"rendered":"Conf\u00e9rence comm\u00e9morative Enid-Graham"},"content":{"rendered":"\n<p><\/p>\n\n\n\n<figure class=\"wp-block-image size-large\"><img loading=\"lazy\" decoding=\"async\" width=\"1024\" height=\"256\" src=\"https:\/\/physiotherapy.ca\/app\/uploads\/2026\/02\/CPAA25_Awards-banner_Enid-Graham_FR-1-1024x256.png\" alt=\"\" class=\"wp-image-279323\" srcset=\"https:\/\/physiotherapy.ca\/app\/uploads\/2026\/02\/CPAA25_Awards-banner_Enid-Graham_FR-1-1024x256.png 1024w, https:\/\/physiotherapy.ca\/app\/uploads\/2026\/02\/CPAA25_Awards-banner_Enid-Graham_FR-1-300x75.png 300w, https:\/\/physiotherapy.ca\/app\/uploads\/2026\/02\/CPAA25_Awards-banner_Enid-Graham_FR-1-768x192.png 768w, https:\/\/physiotherapy.ca\/app\/uploads\/2026\/02\/CPAA25_Awards-banner_Enid-Graham_FR-1-1536x384.png 1536w, https:\/\/physiotherapy.ca\/app\/uploads\/2026\/02\/CPAA25_Awards-banner_Enid-Graham_FR-1-390x98.png 390w, https:\/\/physiotherapy.ca\/app\/uploads\/2026\/02\/CPAA25_Awards-banner_Enid-Graham_FR-1-600x150.png 600w, https:\/\/physiotherapy.ca\/app\/uploads\/2026\/02\/CPAA25_Awards-banner_Enid-Graham_FR-1.png 1584w\" sizes=\"auto, (max-width: 1024px) 100vw, 1024px\" \/><\/figure>\n\n\n\n<p class=\"has-medium-font-size\"><strong>L\u2019Association canadienne de physioth\u00e9rapie est fi\u00e8re d\u2019annoncer que Luc J. H\u00e9bert est le laur\u00e9at du prix de la Conf\u00e9rence comm\u00e9morative Enid-Graham 2025!<\/strong><\/p>\n\n\n\n<p>Le prix de la Conf\u00e9rence comm\u00e9morative Enid-Graham est la r\u00e9compense la plus prestigieuse offerte par l\u2019Association. Lanc\u00e9 en 1980 en l\u2019honneur d\u2019Enid Graham, la fondatrice de l\u2019ACP (alors connue sous le nom de Canadian Association of Massage and Remedial Gymnastics), il couronne les efforts des membres de l\u2019Association s\u2019\u00e9tant d\u00e9marqu\u00e9s par leur leadership et leurs contributions \u00e0 la profession.<\/p>\n\n\n\n<p><\/p>\n\n\n\n<div class=\"wp-block-buttons alignwide is-content-justification-left is-nowrap is-layout-flex wp-container-core-buttons-is-layout-1 wp-block-buttons-is-layout-flex\">\n<div class=\"wp-block-button\"><a class=\"wp-block-button__link has-text-align-left wp-element-button\" href=\"https:\/\/physiotherapy.ca\/app\/uploads\/2025\/10\/CONFERENCE-COMMEMORATIVE-ENID-GRAHAM.pdf\">Crit\u00e8res<\/a><\/div>\n\n\n\n<div class=\"wp-block-button\"><a class=\"wp-block-button__link has-text-align-left wp-element-button\" href=\"https:\/\/physiotherapy.ca\/app\/uploads\/2025\/10\/2025-Enid-Graham-Award-Recipients-FR.pdf\" target=\"_blank\" rel=\"noreferrer noopener\">Anciens laur\u00e9ats<\/a><\/div>\n<\/div>\n\n\n\n<hr class=\"wp-block-separator has-css-opacity aligncenter\"\/>\n\n\n<div class=\"wp-block-image is-resized is-style-rounded\">\n<figure class=\"alignleft size-thumbnail\"><img loading=\"lazy\" decoding=\"async\" width=\"150\" height=\"150\" src=\"https:\/\/physiotherapy.ca\/app\/uploads\/2026\/02\/CPA-Awards-EN-2025-1-1-150x150.png\" alt=\"\" class=\"wp-image-279326\" style=\"object-fit:cover;width:160px;height:auto\" srcset=\"https:\/\/physiotherapy.ca\/app\/uploads\/2026\/02\/CPA-Awards-EN-2025-1-1-150x150.png 150w, https:\/\/physiotherapy.ca\/app\/uploads\/2026\/02\/CPA-Awards-EN-2025-1-1-300x300.png 300w, https:\/\/physiotherapy.ca\/app\/uploads\/2026\/02\/CPA-Awards-EN-2025-1-1-1024x1024.png 1024w, https:\/\/physiotherapy.ca\/app\/uploads\/2026\/02\/CPA-Awards-EN-2025-1-1-768x768.png 768w, https:\/\/physiotherapy.ca\/app\/uploads\/2026\/02\/CPA-Awards-EN-2025-1-1-200x200.png 200w, https:\/\/physiotherapy.ca\/app\/uploads\/2026\/02\/CPA-Awards-EN-2025-1-1-100x100.png 100w, https:\/\/physiotherapy.ca\/app\/uploads\/2026\/02\/CPA-Awards-EN-2025-1-1-600x600.png 600w, https:\/\/physiotherapy.ca\/app\/uploads\/2026\/02\/CPA-Awards-EN-2025-1-1.png 1080w\" sizes=\"auto, (max-width: 150px) 100vw, 150px\" \/><\/figure><\/div>\n\n\n<h3 class=\"wp-block-heading\">Le laur\u00e9at du prix de la Conf\u00e9rence comm\u00e9morative Enid-Graham 2025<\/h3>\n\n\n\n<h4 class=\"wp-block-heading\">Luc J. H\u00e9bert<\/h4>\n\n\n\n<p><\/p>\n\n\n\n<div style=\"height:14px\" aria-hidden=\"true\" class=\"wp-block-spacer\"><\/div>\n\n\n\n<p>Luc a commenc\u00e9 \u00e0 exercer la physioth\u00e9rapie en 1982 lorsqu\u2019il a obtenu un baccalaur\u00e9at en physioth\u00e9rapie \u00e0 l\u2019Universit\u00e9 de Montr\u00e9al. Il a ensuite obtenu une ma\u00eetrise en sciences biom\u00e9dicales en 1989. En 2001, Luc a obtenu un doctorat en m\u00e9decine exp\u00e9rimentale \u00e0 l\u2019Universit\u00e9 Laval, se sp\u00e9cialisant en troubles musculosquelettiques et en r\u00e9adaptation.&nbsp;&nbsp;<\/p>\n\n\n\n<p>Luc a consacr\u00e9 une grande partie de sa carri\u00e8re \u00e0 l\u2019arm\u00e9e, servant dans les Forces arm\u00e9es canadiennes (FAC) en tant que responsable de la physioth\u00e9rapie offrant des soins de physioth\u00e9rapie au personnel de l\u2019arm\u00e9e canadienne pendant 14&nbsp;ans, puis en tant que directeur national de l\u2019entra\u00eenement en physioth\u00e9rapie pendant 14&nbsp;ans \u00e9galement. Sous son leadership, un mod\u00e8le de pratique d\u2019acc\u00e8s direct a \u00e9t\u00e9 mis en \u0153uvre dans 30&nbsp;bases militaires au Canada et \u00e0 l\u2019\u00e9tranger afin d\u2019offrir des soins de physioth\u00e9rapie de grande qualit\u00e9 dans la garnison et lors des d\u00e9ploiements op\u00e9rationnels. Luc a jou\u00e9 un r\u00f4le central dans l\u2019\u00e9laboration des normes, de la qualit\u00e9 et de l\u2019accessibilit\u00e9 des soins de physioth\u00e9rapie offerts au personnel militaire dans le monde et le minist\u00e8re de la D\u00e9fense et l\u2019OTAN ont sollicit\u00e9 son expertise pour \u00e9laborer des normes de soins dans un contexte militaire. &nbsp;&nbsp;&nbsp;&nbsp;<\/p>\n\n\n\n<p>Luc est un chef de file r\u00e9put\u00e9 en physioth\u00e9rapie au Qu\u00e9bec. En 2014, il a cofond\u00e9 l\u2019Association qu\u00e9b\u00e9coise de physioth\u00e9rapie, r\u00e9unissant la profession au Qu\u00e9bec pour se concentrer sur un mandat commun. Dix ans plus tard, l\u2019Association a cr\u00e9\u00e9 le <em>prix Luc J.&nbsp;H\u00e9bert<\/em>, sa plus prestigieuse distinction, pour reconna\u00eetre l\u2019influence exceptionnelle de Luc sur l\u2019avancement de la physioth\u00e9rapie dans la province. Et en juin 2025, Luc a \u00e9t\u00e9 nomm\u00e9 pr\u00e9sident de l\u2019Ordre professionnel de la physioth\u00e9rapie du Qu\u00e9bec (OPPQ).&nbsp;&nbsp;<\/p>\n\n\n\n<p>La vision profonde et humaniste de Luc est ce qui le distingue. Il voit la physioth\u00e9rapie non pas comme une simple discipline, mais comme un outil servant \u00e0 am\u00e9liorer la qualit\u00e9 de vie de tous, y compris, et particuli\u00e8rement, les populations vuln\u00e9rables. Professeur passionn\u00e9 \u00e0 l\u2019Universit\u00e9 Laval, il a form\u00e9 de nombreuses g\u00e9n\u00e9rations de physioth\u00e9rapeutes et sa capacit\u00e9 \u00e0 b\u00e2tir des ponts entre la recherche, la pratique clinique et la communaut\u00e9 a influenc\u00e9 la prestation de soins de physioth\u00e9rapie \u00e0 l\u2019\u00e9chelle mondiale.<\/p>\n\n\n\n<p>La liste des r\u00e9alisations et des contributions de Luc est longue. Il a remport\u00e9 de nombreux prix prestigieux et a re\u00e7u de nombreuses distinctions, tout en incarnant l\u2019esprit et en vivant les valeurs fondatrices d\u2019Enid Graham. Luc est un leader, un visionnaire et un humanitaire exceptionnel qui a d\u00e9montr\u00e9 sa capacit\u00e9 \u00e0 avoir un profond impact bien au-del\u00e0 de ses propres ambitions de carri\u00e8re. Son influence inspirante continuera de se faire sentir pour des g\u00e9n\u00e9rations \u00e0 venir. &nbsp;&nbsp;&nbsp;&nbsp;<\/p>\n\n\n\n<p>Luc sera honor\u00e9 au <strong>congr\u00e8s 2026 de l\u2019ACP <\/strong>et la conf\u00e9rence du laur\u00e9at du prix Enid-Graham aura lieu le <strong>vendredi&nbsp;29&nbsp;mai 2026 de 14&nbsp;h&nbsp;30 \u00e0 15&nbsp;h&nbsp;30<\/strong>.<\/p>\n\n\n\n<p>Le\u00a0<strong>congr\u00e8s 2026 de l\u2019ACP<\/strong>\u00a0se tiendra \u00e0\u00a0<strong>Halifax, en Nouvelle-\u00c9cosse<\/strong>\u00a0les\u00a0<strong>29-30\u00a0mai<\/strong>\u00a0au\u00a0<strong>Halifax Convention Center<\/strong>. Vous pouvez voir le programme complet et les d\u00e9tails sur notre programme\u00a0<a href=\"https:\/\/physiotherapy.ca\/app\/uploads\/2026\/01\/C26_Program-at-a-Glance_FR.pdf\" target=\"_blank\" rel=\"noreferrer noopener\">ici<\/a>\u00a0et vous inscrire\u00a0<a href=\"https:\/\/site.pheedloop.com\/event\/CPACongress2026\/home\" target=\"_blank\" rel=\"noreferrer noopener\">ici<\/a>. Nous avons h\u00e2te de vous y voir!<\/p>\n\n\n\n<div style=\"height:100px\" aria-hidden=\"true\" class=\"wp-block-spacer\"><\/div>\n\n\n\n<p><\/p>\n","protected":false},"excerpt":{"rendered":"<p>L\u2019Association canadienne de physioth\u00e9rapie est fi\u00e8re d\u2019annoncer que Luc J. H\u00e9bert est le laur\u00e9at du prix de la Conf\u00e9rence comm\u00e9morative Enid-Graham 2025! Le prix de la Conf\u00e9rence comm\u00e9morative Enid-Graham est la r\u00e9compense la plus prestigieuse offerte par l\u2019Association. Lanc\u00e9 en [&hellip;]<\/p>\n","protected":false},"author":1,"featured_media":0,"parent":4228,"menu_order":0,"comment_status":"closed","ping_status":"closed","template":"","meta":{"inline_featured_image":false,"ep_exclude_from_search":false,"footnotes":""},"topic":[],"class_list":["post-8590","page","type-page","status-publish","hentry"],"acf":[],"yoast_head":"<!-- This site is optimized with the Yoast SEO plugin v24.7 - https:\/\/yoast.com\/wordpress\/plugins\/seo\/ -->\n<title>Conf\u00e9rence comm\u00e9morative Enid-Graham - Canadian Physiotherapy Association<\/title>\n<meta name=\"robots\" content=\"index, follow, max-snippet:-1, max-image-preview:large, max-video-preview:-1\" \/>\n<link rel=\"canonical\" href=\"https:\/\/physiotherapy.ca\/fr\/membership-fr\/prix-de-lacp\/conference-commemorative-enid-graham\/\" \/>\n<meta property=\"og:locale\" content=\"fr_FR\" \/>\n<meta property=\"og:type\" content=\"article\" \/>\n<meta property=\"og:title\" content=\"Conf\u00e9rence comm\u00e9morative Enid-Graham - Canadian Physiotherapy Association\" \/>\n<meta property=\"og:description\" content=\"L\u2019Association canadienne de physioth\u00e9rapie est fi\u00e8re d\u2019annoncer que Luc J. H\u00e9bert est le laur\u00e9at du prix de la Conf\u00e9rence comm\u00e9morative Enid-Graham 2025! Le prix de la Conf\u00e9rence comm\u00e9morative Enid-Graham est la r\u00e9compense la plus prestigieuse offerte par l\u2019Association. Lanc\u00e9 en [&hellip;]\" \/>\n<meta property=\"og:url\" content=\"https:\/\/physiotherapy.ca\/fr\/membership-fr\/prix-de-lacp\/conference-commemorative-enid-graham\/\" \/>\n<meta property=\"og:site_name\" content=\"Canadian Physiotherapy Association\" \/>\n<meta property=\"article:modified_time\" content=\"2026-02-11T14:41:08+00:00\" \/>\n<meta property=\"og:image\" content=\"https:\/\/physiotherapy.ca\/app\/uploads\/2026\/02\/CPAA25_Awards-banner_Enid-Graham_FR-1.png\" \/>\n\t<meta property=\"og:image:width\" content=\"1584\" \/>\n\t<meta property=\"og:image:height\" content=\"396\" \/>\n\t<meta property=\"og:image:type\" content=\"image\/png\" \/>\n<meta name=\"twitter:card\" content=\"summary_large_image\" \/>\n<meta name=\"twitter:label1\" content=\"Est. reading time\" \/>\n\t<meta name=\"twitter:data1\" content=\"4 minutes\" \/>\n<script type=\"application\/ld+json\" class=\"yoast-schema-graph\">{\"@context\":\"https:\/\/schema.org\",\"@graph\":[{\"@type\":\"WebPage\",\"@id\":\"https:\/\/physiotherapy.ca\/fr\/membership-fr\/prix-de-lacp\/conference-commemorative-enid-graham\/\",\"url\":\"https:\/\/physiotherapy.ca\/fr\/membership-fr\/prix-de-lacp\/conference-commemorative-enid-graham\/\",\"name\":\"Conf\u00e9rence comm\u00e9morative Enid-Graham - Canadian Physiotherapy Association\",\"isPartOf\":{\"@id\":\"https:\/\/physiotherapy.ca\/#website\"},\"primaryImageOfPage\":{\"@id\":\"https:\/\/physiotherapy.ca\/fr\/membership-fr\/prix-de-lacp\/conference-commemorative-enid-graham\/#primaryimage\"},\"image\":{\"@id\":\"https:\/\/physiotherapy.ca\/fr\/membership-fr\/prix-de-lacp\/conference-commemorative-enid-graham\/#primaryimage\"},\"thumbnailUrl\":\"https:\/\/physiotherapy.ca\/app\/uploads\/2026\/02\/CPAA25_Awards-banner_Enid-Graham_FR-1-1024x256.png\",\"datePublished\":\"2022-08-15T16:13:22+00:00\",\"dateModified\":\"2026-02-11T14:41:08+00:00\",\"breadcrumb\":{\"@id\":\"https:\/\/physiotherapy.ca\/fr\/membership-fr\/prix-de-lacp\/conference-commemorative-enid-graham\/#breadcrumb\"},\"inLanguage\":\"fr-FR\",\"potentialAction\":[{\"@type\":\"ReadAction\",\"target\":[\"https:\/\/physiotherapy.ca\/fr\/membership-fr\/prix-de-lacp\/conference-commemorative-enid-graham\/\"]}]},{\"@type\":\"ImageObject\",\"inLanguage\":\"fr-FR\",\"@id\":\"https:\/\/physiotherapy.ca\/fr\/membership-fr\/prix-de-lacp\/conference-commemorative-enid-graham\/#primaryimage\",\"url\":\"https:\/\/physiotherapy.ca\/app\/uploads\/2026\/02\/CPAA25_Awards-banner_Enid-Graham_FR-1-1024x256.png\",\"contentUrl\":\"https:\/\/physiotherapy.ca\/app\/uploads\/2026\/02\/CPAA25_Awards-banner_Enid-Graham_FR-1-1024x256.png\"},{\"@type\":\"BreadcrumbList\",\"@id\":\"https:\/\/physiotherapy.ca\/fr\/membership-fr\/prix-de-lacp\/conference-commemorative-enid-graham\/#breadcrumb\",\"itemListElement\":[{\"@type\":\"ListItem\",\"position\":1,\"name\":\"Home\",\"item\":\"https:\/\/physiotherapy.ca\/fr\/\"},{\"@type\":\"ListItem\",\"position\":2,\"name\":\"Membership FR\",\"item\":\"https:\/\/physiotherapy.ca\/fr\/membership-fr\/\"},{\"@type\":\"ListItem\",\"position\":3,\"name\":\"Le programme des Prix de l\u2019ACP\",\"item\":\"https:\/\/physiotherapy.ca\/fr\/membership-fr\/prix-de-lacp\/\"},{\"@type\":\"ListItem\",\"position\":4,\"name\":\"Conf\u00e9rence comm\u00e9morative Enid-Graham\"}]},{\"@type\":\"WebSite\",\"@id\":\"https:\/\/physiotherapy.ca\/#website\",\"url\":\"https:\/\/physiotherapy.ca\/\",\"name\":\"Canadian Physiotherapy Association\",\"description\":\"The Canadian Physiotherapy Association (CPA) represents over 16,000 physiotherapy professionals and students across Canada.\",\"potentialAction\":[{\"@type\":\"SearchAction\",\"target\":{\"@type\":\"EntryPoint\",\"urlTemplate\":\"https:\/\/physiotherapy.ca\/?s={search_term_string}\"},\"query-input\":{\"@type\":\"PropertyValueSpecification\",\"valueRequired\":true,\"valueName\":\"search_term_string\"}}],\"inLanguage\":\"fr-FR\"}]}<\/script>\n<!-- \/ Yoast SEO plugin. -->","yoast_head_json":{"title":"Conf\u00e9rence comm\u00e9morative Enid-Graham - Canadian Physiotherapy Association","robots":{"index":"index","follow":"follow","max-snippet":"max-snippet:-1","max-image-preview":"max-image-preview:large","max-video-preview":"max-video-preview:-1"},"canonical":"https:\/\/physiotherapy.ca\/fr\/membership-fr\/prix-de-lacp\/conference-commemorative-enid-graham\/","og_locale":"fr_FR","og_type":"article","og_title":"Conf\u00e9rence comm\u00e9morative Enid-Graham - Canadian Physiotherapy Association","og_description":"L\u2019Association canadienne de physioth\u00e9rapie est fi\u00e8re d\u2019annoncer que Luc J. H\u00e9bert est le laur\u00e9at du prix de la Conf\u00e9rence comm\u00e9morative Enid-Graham 2025! Le prix de la Conf\u00e9rence comm\u00e9morative Enid-Graham est la r\u00e9compense la plus prestigieuse offerte par l\u2019Association. Lanc\u00e9 en [&hellip;]","og_url":"https:\/\/physiotherapy.ca\/fr\/membership-fr\/prix-de-lacp\/conference-commemorative-enid-graham\/","og_site_name":"Canadian Physiotherapy Association","article_modified_time":"2026-02-11T14:41:08+00:00","og_image":[{"width":1584,"height":396,"url":"https:\/\/physiotherapy.ca\/app\/uploads\/2026\/02\/CPAA25_Awards-banner_Enid-Graham_FR-1.png","type":"image\/png"}],"twitter_card":"summary_large_image","twitter_misc":{"Est. reading time":"4 minutes"},"schema":{"@context":"https:\/\/schema.org","@graph":[{"@type":"WebPage","@id":"https:\/\/physiotherapy.ca\/fr\/membership-fr\/prix-de-lacp\/conference-commemorative-enid-graham\/","url":"https:\/\/physiotherapy.ca\/fr\/membership-fr\/prix-de-lacp\/conference-commemorative-enid-graham\/","name":"Conf\u00e9rence comm\u00e9morative Enid-Graham - Canadian Physiotherapy Association","isPartOf":{"@id":"https:\/\/physiotherapy.ca\/#website"},"primaryImageOfPage":{"@id":"https:\/\/physiotherapy.ca\/fr\/membership-fr\/prix-de-lacp\/conference-commemorative-enid-graham\/#primaryimage"},"image":{"@id":"https:\/\/physiotherapy.ca\/fr\/membership-fr\/prix-de-lacp\/conference-commemorative-enid-graham\/#primaryimage"},"thumbnailUrl":"https:\/\/physiotherapy.ca\/app\/uploads\/2026\/02\/CPAA25_Awards-banner_Enid-Graham_FR-1-1024x256.png","datePublished":"2022-08-15T16:13:22+00:00","dateModified":"2026-02-11T14:41:08+00:00","breadcrumb":{"@id":"https:\/\/physiotherapy.ca\/fr\/membership-fr\/prix-de-lacp\/conference-commemorative-enid-graham\/#breadcrumb"},"inLanguage":"fr-FR","potentialAction":[{"@type":"ReadAction","target":["https:\/\/physiotherapy.ca\/fr\/membership-fr\/prix-de-lacp\/conference-commemorative-enid-graham\/"]}]},{"@type":"ImageObject","inLanguage":"fr-FR","@id":"https:\/\/physiotherapy.ca\/fr\/membership-fr\/prix-de-lacp\/conference-commemorative-enid-graham\/#primaryimage","url":"https:\/\/physiotherapy.ca\/app\/uploads\/2026\/02\/CPAA25_Awards-banner_Enid-Graham_FR-1-1024x256.png","contentUrl":"https:\/\/physiotherapy.ca\/app\/uploads\/2026\/02\/CPAA25_Awards-banner_Enid-Graham_FR-1-1024x256.png"},{"@type":"BreadcrumbList","@id":"https:\/\/physiotherapy.ca\/fr\/membership-fr\/prix-de-lacp\/conference-commemorative-enid-graham\/#breadcrumb","itemListElement":[{"@type":"ListItem","position":1,"name":"Home","item":"https:\/\/physiotherapy.ca\/fr\/"},{"@type":"ListItem","position":2,"name":"Membership FR","item":"https:\/\/physiotherapy.ca\/fr\/membership-fr\/"},{"@type":"ListItem","position":3,"name":"Le programme des Prix de l\u2019ACP","item":"https:\/\/physiotherapy.ca\/fr\/membership-fr\/prix-de-lacp\/"},{"@type":"ListItem","position":4,"name":"Conf\u00e9rence comm\u00e9morative Enid-Graham"}]},{"@type":"WebSite","@id":"https:\/\/physiotherapy.ca\/#website","url":"https:\/\/physiotherapy.ca\/","name":"Canadian Physiotherapy Association","description":"The Canadian Physiotherapy Association (CPA) represents over 16,000 physiotherapy professionals and students across Canada.","potentialAction":[{"@type":"SearchAction","target":{"@type":"EntryPoint","urlTemplate":"https:\/\/physiotherapy.ca\/?s={search_term_string}"},"query-input":{"@type":"PropertyValueSpecification","valueRequired":true,"valueName":"search_term_string"}}],"inLanguage":"fr-FR"}]}},"_links":{"self":[{"href":"https:\/\/physiotherapy.ca\/fr\/wp-json\/wp\/v2\/pages\/8590","targetHints":{"allow":["GET"]}}],"collection":[{"href":"https:\/\/physiotherapy.ca\/fr\/wp-json\/wp\/v2\/pages"}],"about":[{"href":"https:\/\/physiotherapy.ca\/fr\/wp-json\/wp\/v2\/types\/page"}],"author":[{"embeddable":true,"href":"https:\/\/physiotherapy.ca\/fr\/wp-json\/wp\/v2\/users\/1"}],"replies":[{"embeddable":true,"href":"https:\/\/physiotherapy.ca\/fr\/wp-json\/wp\/v2\/comments?post=8590"}],"version-history":[{"count":15,"href":"https:\/\/physiotherapy.ca\/fr\/wp-json\/wp\/v2\/pages\/8590\/revisions"}],"predecessor-version":[{"id":279330,"href":"https:\/\/physiotherapy.ca\/fr\/wp-json\/wp\/v2\/pages\/8590\/revisions\/279330"}],"up":[{"embeddable":true,"href":"https:\/\/physiotherapy.ca\/fr\/wp-json\/wp\/v2\/pages\/4228"}],"wp:attachment":[{"href":"https:\/\/physiotherapy.ca\/fr\/wp-json\/wp\/v2\/media?parent=8590"}],"wp:term":[{"taxonomy":"topic","embeddable":true,"href":"https:\/\/physiotherapy.ca\/fr\/wp-json\/wp\/v2\/topic?post=8590"}],"curies":[{"name":"wp","href":"https:\/\/api.w.org\/{rel}","templated":true}]}}